{"id":5912,"date":"2025-01-22T23:53:27","date_gmt":"2025-01-22T23:53:27","guid":{"rendered":"https:\/\/congresodeescritores1937.dival.es\/el-congres-i-la-premsa\/"},"modified":"2025-06-14T09:53:24","modified_gmt":"2025-06-14T09:53:24","slug":"el-congres-i-la-premsa","status":"publish","type":"page","link":"https:\/\/congresodeescritores1937.dival.es\/vlca\/el-congres-i-la-premsa\/","title":{"rendered":"El congr\u00e9s i la premsa"},"content":{"rendered":"<p>[et_pb_section fb_built=&#8221;1&#8243; fullwidth=&#8221;on&#8221; _builder_version=&#8221;4.27.4&#8243; _module_preset=&#8221;default&#8221; background_enable_color=&#8221;off&#8221; background_image=&#8221;https:\/\/congresodeescritores1937.dival.es\/wp-content\/uploads\/2025\/01\/prensa-header-oscurecido.jpg&#8221; global_colors_info=&#8221;{}&#8221;][et_pb_fullwidth_header title=&#8221;EL CONGR\u00c9S I LA PREMSA&#8221; subhead=&#8221;La cobertura medi\u00e0tica de l\u2019esdeveniment&#8221; header_fullscreen=&#8221;on&#8221; background_overlay_color=&#8221;RGBA(255,255,255,0)&#8221; content_orientation=&#8221;bottom&#8221; _builder_version=&#8221;4.27.4&#8243; _module_preset=&#8221;default&#8221; title_font=&#8221;Ubuntu Condensed|700|||||||&#8221; title_text_align=&#8221;left&#8221; title_text_color=&#8221;#FFFFFF&#8221; title_font_size=&#8221;50px&#8221; subhead_font=&#8221;|300|||||||&#8221; subhead_text_align=&#8221;left&#8221; subhead_text_color=&#8221;#FFFFFF&#8221; subhead_font_size=&#8221;20px&#8221; background_enable_color=&#8221;off&#8221; global_colors_info=&#8221;{}&#8221;][\/et_pb_fullwidth_header][\/et_pb_section][et_pb_section fb_built=&#8221;1&#8243; _builder_version=&#8221;4.27.4&#8243; _module_preset=&#8221;default&#8221; global_colors_info=&#8221;{}&#8221;][et_pb_row column_structure=&#8221;1_4,1_4,1_4,1_4&#8243; _builder_version=&#8221;4.27.4&#8243; _module_preset=&#8221;default&#8221; global_colors_info=&#8221;{}&#8221;][et_pb_column type=&#8221;1_4&#8243; _builder_version=&#8221;4.27.4&#8243; _module_preset=&#8221;default&#8221; global_colors_info=&#8221;{}&#8221;][et_pb_image src=&#8221;https:\/\/congresodeescritores1937.dival.es\/wp-content\/uploads\/2025\/01\/Adelante-Boton.jpg&#8221; title_text=&#8221;Avance-Boton&#8221; url=&#8221;https:\/\/congresodeescritores1937.dival.es\/vlca\/adelante\/&#8221; align=&#8221;center&#8221; force_fullwidth=&#8221;on&#8221; _builder_version=&#8221;4.27.4&#8243; _module_preset=&#8221;default&#8221; border_width_all=&#8221;3px&#8221; border_color_all=&#8221;#000000&#8243; global_colors_info=&#8221;{}&#8221;][\/et_pb_image][et_pb_text _builder_version=&#8221;4.27.4&#8243; _module_preset=&#8221;default&#8221; global_colors_info=&#8221;{}&#8221;]<\/p>\n<h4><em>Adelante<\/em><\/h4>\n<p>[\/et_pb_text][\/et_pb_column][et_pb_column type=&#8221;1_4&#8243; _builder_version=&#8221;4.27.4&#8243; _module_preset=&#8221;default&#8221; global_colors_info=&#8221;{}&#8221;][et_pb_image src=&#8221;https:\/\/congresodeescritores1937.dival.es\/wp-content\/uploads\/2025\/01\/Ahora-Boton.jpg&#8221; title_text=&#8221;Ahora-Boton&#8221; url=&#8221;https:\/\/congresodeescritores1937.dival.es\/vlca\/ahora\/&#8221; align=&#8221;center&#8221; force_fullwidth=&#8221;on&#8221; _builder_version=&#8221;4.27.4&#8243; _module_preset=&#8221;default&#8221; border_width_all=&#8221;3px&#8221; border_color_all=&#8221;#000000&#8243; global_colors_info=&#8221;{}&#8221;][\/et_pb_image][et_pb_text _builder_version=&#8221;4.27.4&#8243; _module_preset=&#8221;default&#8221; global_colors_info=&#8221;{}&#8221;]<\/p>\n<h4><em>Ahora<\/em><\/h4>\n<p>[\/et_pb_text][\/et_pb_column][et_pb_column type=&#8221;1_4&#8243; _builder_version=&#8221;4.27.4&#8243; _module_preset=&#8221;default&#8221; global_colors_info=&#8221;{}&#8221;][et_pb_image src=&#8221;https:\/\/congresodeescritores1937.dival.es\/wp-content\/uploads\/2025\/01\/Cronica-Boton.jpg&#8221; title_text=&#8221;Cronica-Boton&#8221; url=&#8221;https:\/\/congresodeescritores1937.dival.es\/cronica\/&#8221; align=&#8221;center&#8221; force_fullwidth=&#8221;on&#8221; _builder_version=&#8221;4.27.4&#8243; _module_preset=&#8221;default&#8221; border_width_all=&#8221;3px&#8221; border_color_all=&#8221;#000000&#8243; global_colors_info=&#8221;{}&#8221;][\/et_pb_image][et_pb_text _builder_version=&#8221;4.27.4&#8243; _module_preset=&#8221;default&#8221; global_colors_info=&#8221;{}&#8221;]<\/p>\n<h4><em>Cr\u00f3nica<\/em><\/h4>\n<p>[\/et_pb_text][\/et_pb_column][et_pb_column type=&#8221;1_4&#8243; _builder_version=&#8221;4.27.4&#8243; _module_preset=&#8221;default&#8221; global_colors_info=&#8221;{}&#8221;][et_pb_image src=&#8221;https:\/\/congresodeescritores1937.dival.es\/wp-content\/uploads\/2025\/01\/Mercantil-Valenciano-Boton.jpg&#8221; title_text=&#8221;Mercantil-Valenciano-Boton&#8221; url=&#8221;https:\/\/congresodeescritores1937.dival.es\/el-mercantil-valenciano\/&#8221; align=&#8221;center&#8221; force_fullwidth=&#8221;on&#8221; _builder_version=&#8221;4.27.4&#8243; _module_preset=&#8221;default&#8221; border_width_all=&#8221;3px&#8221; border_color_all=&#8221;#000000&#8243; global_colors_info=&#8221;{}&#8221;][\/et_pb_image][et_pb_text _builder_version=&#8221;4.27.4&#8243; _module_preset=&#8221;default&#8221; global_colors_info=&#8221;{}&#8221;]<\/p>\n<h4><em>El Mercantil Valenciano<\/em><\/h4>\n<p>[\/et_pb_text][\/et_pb_column][\/et_pb_row][et_pb_row column_structure=&#8221;1_4,1_4,1_4,1_4&#8243; _builder_version=&#8221;4.27.4&#8243; _module_preset=&#8221;default&#8221; global_colors_info=&#8221;{}&#8221;][et_pb_column type=&#8221;1_4&#8243; _builder_version=&#8221;4.27.4&#8243; _module_preset=&#8221;default&#8221; global_colors_info=&#8221;{}&#8221;][et_pb_image src=&#8221;https:\/\/congresodeescritores1937.dival.es\/wp-content\/uploads\/2025\/01\/El-Mono-azul-Boton.jpg&#8221; title_text=&#8221;El Mono azul Boton&#8221; url=&#8221;https:\/\/congresodeescritores1937.dival.es\/el-mono-azul\/&#8221; align=&#8221;center&#8221; force_fullwidth=&#8221;on&#8221; _builder_version=&#8221;4.27.4&#8243; _module_preset=&#8221;default&#8221; border_width_all=&#8221;3px&#8221; border_color_all=&#8221;#000000&#8243; global_colors_info=&#8221;{}&#8221;][\/et_pb_image][et_pb_text _builder_version=&#8221;4.27.4&#8243; _module_preset=&#8221;default&#8221; global_colors_info=&#8221;{}&#8221;]<\/p>\n<h4><em>El Mono Azul<\/em><\/h4>\n<p>[\/et_pb_text][\/et_pb_column][et_pb_column type=&#8221;1_4&#8243; _builder_version=&#8221;4.27.4&#8243; _module_preset=&#8221;default&#8221; global_colors_info=&#8221;{}&#8221;][et_pb_image src=&#8221;https:\/\/congresodeescritores1937.dival.es\/wp-content\/uploads\/2025\/01\/El-Pueblo.jpg&#8221; title_text=&#8221;El-Pueblo&#8221; url=&#8221;https:\/\/congresodeescritores1937.dival.es\/el-pueblo\/&#8221; align=&#8221;center&#8221; force_fullwidth=&#8221;on&#8221; _builder_version=&#8221;4.27.4&#8243; _module_preset=&#8221;default&#8221; border_width_all=&#8221;3px&#8221; border_color_all=&#8221;#000000&#8243; global_colors_info=&#8221;{}&#8221;][\/et_pb_image][et_pb_text _builder_version=&#8221;4.27.4&#8243; _module_preset=&#8221;default&#8221; global_colors_info=&#8221;{}&#8221;]<\/p>\n<h4><em>El Pueblo<\/em><\/h4>\n<p>[\/et_pb_text][\/et_pb_column][et_pb_column type=&#8221;1_4&#8243; _builder_version=&#8221;4.27.4&#8243; _module_preset=&#8221;default&#8221; global_colors_info=&#8221;{}&#8221;][et_pb_image src=&#8221;https:\/\/congresodeescritores1937.dival.es\/wp-content\/uploads\/2025\/01\/El-sol-Boton.jpg&#8221; title_text=&#8221;El-sol-Boton&#8221; url=&#8221;https:\/\/congresodeescritores1937.dival.es\/el-sol-madrid\/&#8221; align=&#8221;center&#8221; force_fullwidth=&#8221;on&#8221; _builder_version=&#8221;4.27.4&#8243; _module_preset=&#8221;default&#8221; border_width_all=&#8221;3px&#8221; border_color_all=&#8221;#000000&#8243; global_colors_info=&#8221;{}&#8221;][\/et_pb_image][et_pb_text _builder_version=&#8221;4.27.4&#8243; _module_preset=&#8221;default&#8221; global_colors_info=&#8221;{}&#8221;]<\/p>\n<h4><em>El Sol<\/em> (Madrid)<\/h4>\n<p>[\/et_pb_text][\/et_pb_column][et_pb_column type=&#8221;1_4&#8243; _builder_version=&#8221;4.27.4&#8243; _module_preset=&#8221;default&#8221; global_colors_info=&#8221;{}&#8221;][et_pb_image src=&#8221;https:\/\/congresodeescritores1937.dival.es\/wp-content\/uploads\/2025\/01\/Estampa-Boton.jpg&#8221; title_text=&#8221;Estampa-Boton&#8221; url=&#8221;https:\/\/congresodeescritores1937.dival.es\/estampa\/&#8221; align=&#8221;center&#8221; force_fullwidth=&#8221;on&#8221; _builder_version=&#8221;4.27.4&#8243; _module_preset=&#8221;default&#8221; border_width_all=&#8221;3px&#8221; border_color_all=&#8221;#000000&#8243; global_colors_info=&#8221;{}&#8221;][\/et_pb_image][et_pb_text _builder_version=&#8221;4.27.4&#8243; _module_preset=&#8221;default&#8221; global_colors_info=&#8221;{}&#8221;]<\/p>\n<h4><em>Estampa<\/em><\/h4>\n<p>[\/et_pb_text][\/et_pb_column][\/et_pb_row][et_pb_row column_structure=&#8221;1_4,1_4,1_4,1_4&#8243; _builder_version=&#8221;4.27.4&#8243; _module_preset=&#8221;default&#8221; global_colors_info=&#8221;{}&#8221;][et_pb_column type=&#8221;1_4&#8243; _builder_version=&#8221;4.27.4&#8243; _module_preset=&#8221;default&#8221; global_colors_info=&#8221;{}&#8221;][et_pb_image src=&#8221;https:\/\/congresodeescritores1937.dival.es\/wp-content\/uploads\/2025\/01\/Fragua-Social-Boton.jpg&#8221; title_text=&#8221;Fragua-Social-Boton&#8221; url=&#8221;https:\/\/congresodeescritores1937.dival.es\/fragua-social\/&#8221; align=&#8221;center&#8221; force_fullwidth=&#8221;on&#8221; _builder_version=&#8221;4.27.4&#8243; _module_preset=&#8221;default&#8221; border_width_all=&#8221;3px&#8221; border_color_all=&#8221;#000000&#8243; global_colors_info=&#8221;{}&#8221;][\/et_pb_image][et_pb_text _builder_version=&#8221;4.27.4&#8243; _module_preset=&#8221;default&#8221; global_colors_info=&#8221;{}&#8221;]<\/p>\n<h4><em>Fragua Social<\/em><\/h4>\n<p>[\/et_pb_text][\/et_pb_column][et_pb_column type=&#8221;1_4&#8243; _builder_version=&#8221;4.27.4&#8243; _module_preset=&#8221;default&#8221; global_colors_info=&#8221;{}&#8221;][et_pb_image src=&#8221;https:\/\/congresodeescritores1937.dival.es\/wp-content\/uploads\/2025\/01\/Frente-Rojo-Boton.jpg&#8221; title_text=&#8221;Frente-Rojo-Boton&#8221; url=&#8221;https:\/\/congresodeescritores1937.dival.es\/frente-rojo\/&#8221; align=&#8221;center&#8221; force_fullwidth=&#8221;on&#8221; _builder_version=&#8221;4.27.4&#8243; _module_preset=&#8221;default&#8221; border_width_all=&#8221;3px&#8221; border_color_all=&#8221;#000000&#8243; global_colors_info=&#8221;{}&#8221;][\/et_pb_image][et_pb_text _builder_version=&#8221;4.27.4&#8243; _module_preset=&#8221;default&#8221; global_colors_info=&#8221;{}&#8221;]<\/p>\n<h4><em>Frente Rojo<\/em><\/h4>\n<p>[\/et_pb_text][\/et_pb_column][et_pb_column type=&#8221;1_4&#8243; _builder_version=&#8221;4.27.4&#8243; _module_preset=&#8221;default&#8221; global_colors_info=&#8221;{}&#8221;][et_pb_image src=&#8221;https:\/\/congresodeescritores1937.dival.es\/wp-content\/uploads\/2025\/01\/La-Correspondencia-de-Valencia-Boton.jpg&#8221; title_text=&#8221;La-Correspondencia-de-Valencia-Boton&#8221; url=&#8221;https:\/\/congresodeescritores1937.dival.es\/la-correspondencia-de-valencia\/&#8221; align=&#8221;center&#8221; force_fullwidth=&#8221;on&#8221; _builder_version=&#8221;4.27.4&#8243; _module_preset=&#8221;default&#8221; border_width_all=&#8221;3px&#8221; border_color_all=&#8221;#000000&#8243; global_colors_info=&#8221;{}&#8221;][\/et_pb_image][et_pb_text _builder_version=&#8221;4.27.4&#8243; _module_preset=&#8221;default&#8221; global_colors_info=&#8221;{}&#8221;]<\/p>\n<h4><i>La Correspondencia Valenciana<\/i><\/h4>\n<p>[\/et_pb_text][\/et_pb_column][et_pb_column type=&#8221;1_4&#8243; _builder_version=&#8221;4.27.4&#8243; _module_preset=&#8221;default&#8221; global_colors_info=&#8221;{}&#8221;][et_pb_image src=&#8221;https:\/\/congresodeescritores1937.dival.es\/wp-content\/uploads\/2025\/01\/La-Hora-Boton.jpg&#8221; title_text=&#8221;La-Hora-Boton&#8221; url=&#8221;https:\/\/congresodeescritores1937.dival.es\/la-hora\/&#8221; align=&#8221;center&#8221; force_fullwidth=&#8221;on&#8221; _builder_version=&#8221;4.27.4&#8243; _module_preset=&#8221;default&#8221; border_width_all=&#8221;3px&#8221; border_color_all=&#8221;#000000&#8243; global_colors_info=&#8221;{}&#8221;][\/et_pb_image][et_pb_text _builder_version=&#8221;4.27.4&#8243; _module_preset=&#8221;default&#8221; global_colors_info=&#8221;{}&#8221;]<\/p>\n<h4><em>La Hora<\/em><\/h4>\n<p>[\/et_pb_text][\/et_pb_column][\/et_pb_row][et_pb_row column_structure=&#8221;1_4,1_4,1_4,1_4&#8243; _builder_version=&#8221;4.27.4&#8243; _module_preset=&#8221;default&#8221; global_colors_info=&#8221;{}&#8221;][et_pb_column type=&#8221;1_4&#8243; _builder_version=&#8221;4.27.4&#8243; _module_preset=&#8221;default&#8221; global_colors_info=&#8221;{}&#8221;][et_pb_image src=&#8221;https:\/\/congresodeescritores1937.dival.es\/wp-content\/uploads\/2025\/01\/La-Humanitat-Boton.jpg&#8221; title_text=&#8221;La-Humanitat-Boton&#8221; url=&#8221;https:\/\/congresodeescritores1937.dival.es\/la-humanitat\/&#8221; align=&#8221;center&#8221; force_fullwidth=&#8221;on&#8221; _builder_version=&#8221;4.27.4&#8243; _module_preset=&#8221;default&#8221; border_width_all=&#8221;3px&#8221; border_color_all=&#8221;#000000&#8243; global_colors_info=&#8221;{}&#8221;][\/et_pb_image][et_pb_text _builder_version=&#8221;4.27.4&#8243; _module_preset=&#8221;default&#8221; global_colors_info=&#8221;{}&#8221;]<\/p>\n<h4><em>La Humanitat<\/em><\/h4>\n<p>[\/et_pb_text][\/et_pb_column][et_pb_column type=&#8221;1_4&#8243; _builder_version=&#8221;4.27.4&#8243; _module_preset=&#8221;default&#8221; global_colors_info=&#8221;{}&#8221;][et_pb_image src=&#8221;https:\/\/congresodeescritores1937.dival.es\/wp-content\/uploads\/2025\/01\/La-Voz-Madrid-Boton.jpg&#8221; title_text=&#8221;La-Voz-Madrid-Boton&#8221; url=&#8221;https:\/\/congresodeescritores1937.dival.es\/la-voz-madrid\/&#8221; align=&#8221;center&#8221; force_fullwidth=&#8221;on&#8221; _builder_version=&#8221;4.27.4&#8243; _module_preset=&#8221;default&#8221; border_width_all=&#8221;3px&#8221; border_color_all=&#8221;#000000&#8243; global_colors_info=&#8221;{}&#8221;][\/et_pb_image][et_pb_text _builder_version=&#8221;4.27.4&#8243; _module_preset=&#8221;default&#8221; global_colors_info=&#8221;{}&#8221;]<\/p>\n<h4><em>La Voz <\/em>(Madrid)<\/h4>\n<p>[\/et_pb_text][\/et_pb_column][et_pb_column type=&#8221;1_4&#8243; _builder_version=&#8221;4.27.4&#8243; _module_preset=&#8221;default&#8221; global_colors_info=&#8221;{}&#8221;][et_pb_image src=&#8221;https:\/\/congresodeescritores1937.dival.es\/wp-content\/uploads\/2025\/01\/La-Voz-Valenciana-Boton.jpg&#8221; title_text=&#8221;La-Voz-Valenciana-Boton&#8221; url=&#8221;https:\/\/congresodeescritores1937.dival.es\/la-voz-valenciana\/&#8221; align=&#8221;center&#8221; force_fullwidth=&#8221;on&#8221; _builder_version=&#8221;4.27.4&#8243; _module_preset=&#8221;default&#8221; border_width_all=&#8221;3px&#8221; border_color_all=&#8221;#000000&#8243; global_colors_info=&#8221;{}&#8221;][\/et_pb_image][et_pb_text _builder_version=&#8221;4.27.4&#8243; _module_preset=&#8221;default&#8221; global_colors_info=&#8221;{}&#8221;]<\/p>\n<h4><i>La Voz Valenciana<\/i><\/h4>\n<p>[\/et_pb_text][\/et_pb_column][et_pb_column type=&#8221;1_4&#8243; _builder_version=&#8221;4.27.4&#8243; _module_preset=&#8221;default&#8221; global_colors_info=&#8221;{}&#8221;][et_pb_image src=&#8221;https:\/\/congresodeescritores1937.dival.es\/wp-content\/uploads\/2025\/01\/Mundo-Grafico-Boton.jpg&#8221; title_text=&#8221;Mundo-Grafico-Boton&#8221; url=&#8221;https:\/\/congresodeescritores1937.dival.es\/mundo-grafico\/&#8221; align=&#8221;center&#8221; force_fullwidth=&#8221;on&#8221; _builder_version=&#8221;4.27.4&#8243; _module_preset=&#8221;default&#8221; border_width_all=&#8221;3px&#8221; border_color_all=&#8221;#000000&#8243; global_colors_info=&#8221;{}&#8221;][\/et_pb_image][et_pb_text _builder_version=&#8221;4.27.4&#8243; _module_preset=&#8221;default&#8221; global_colors_info=&#8221;{}&#8221;]<\/p>\n<h4><em>Mundo Gr\u00e1fico<\/em><\/h4>\n<p>[\/et_pb_text][\/et_pb_column][\/et_pb_row][et_pb_row column_structure=&#8221;1_4,1_4,1_4,1_4&#8243; _builder_version=&#8221;4.27.4&#8243; _module_preset=&#8221;default&#8221; global_colors_info=&#8221;{}&#8221;][et_pb_column type=&#8221;1_4&#8243; _builder_version=&#8221;4.27.4&#8243; _module_preset=&#8221;default&#8221; global_colors_info=&#8221;{}&#8221;][et_pb_image src=&#8221;https:\/\/congresodeescritores1937.dival.es\/wp-content\/uploads\/2025\/01\/Regards-Boton.jpg&#8221; title_text=&#8221;Regards-Boton&#8221; url=&#8221;https:\/\/congresodeescritores1937.dival.es\/regards\/&#8221; align=&#8221;center&#8221; force_fullwidth=&#8221;on&#8221; _builder_version=&#8221;4.27.4&#8243; _module_preset=&#8221;default&#8221; border_width_all=&#8221;3px&#8221; border_color_all=&#8221;#000000&#8243; global_colors_info=&#8221;{}&#8221;][\/et_pb_image][et_pb_text _builder_version=&#8221;4.27.4&#8243; _module_preset=&#8221;default&#8221; global_colors_info=&#8221;{}&#8221;]<\/p>\n<h4><em>Regards<\/em><\/h4>\n<p>[\/et_pb_text][\/et_pb_column][et_pb_column type=&#8221;1_4&#8243; _builder_version=&#8221;4.27.4&#8243; _module_preset=&#8221;default&#8221; global_colors_info=&#8221;{}&#8221;][et_pb_image src=&#8221;https:\/\/congresodeescritores1937.dival.es\/wp-content\/uploads\/2025\/01\/Ultima-hora-Boton.jpg&#8221; title_text=&#8221;Ultima-hora-Boton&#8221; url=&#8221;https:\/\/congresodeescritores1937.dival.es\/ultima-hora\/&#8221; align=&#8221;center&#8221; force_fullwidth=&#8221;on&#8221; _builder_version=&#8221;4.27.4&#8243; _module_preset=&#8221;default&#8221; border_width_all=&#8221;3px&#8221; border_color_all=&#8221;#000000&#8243; global_colors_info=&#8221;{}&#8221;][\/et_pb_image][et_pb_text _builder_version=&#8221;4.27.4&#8243; _module_preset=&#8221;default&#8221; global_colors_info=&#8221;{}&#8221;]<\/p>\n<h4><i>\u00daltima Hora<\/i><\/h4>\n<p>[\/et_pb_text][\/et_pb_column][et_pb_column type=&#8221;1_4&#8243; _builder_version=&#8221;4.27.4&#8243; _module_preset=&#8221;default&#8221; global_colors_info=&#8221;{}&#8221;][et_pb_image src=&#8221;https:\/\/congresodeescritores1937.dival.es\/wp-content\/uploads\/2025\/01\/Vanguardia-Boton.jpg&#8221; title_text=&#8221;Vanguardia-Boton&#8221; url=&#8221;https:\/\/congresodeescritores1937.dival.es\/la-vanguardia\/&#8221; align=&#8221;center&#8221; force_fullwidth=&#8221;on&#8221; _builder_version=&#8221;4.27.4&#8243; _module_preset=&#8221;default&#8221; border_width_all=&#8221;3px&#8221; border_color_all=&#8221;#000000&#8243; global_colors_info=&#8221;{}&#8221;][\/et_pb_image][et_pb_text _builder_version=&#8221;4.27.4&#8243; _module_preset=&#8221;default&#8221; global_colors_info=&#8221;{}&#8221;]<\/p>\n<h4><i>La Vanguardia<\/i><\/h4>\n<p>[\/et_pb_text][\/et_pb_column][et_pb_column type=&#8221;1_4&#8243; _builder_version=&#8221;4.27.4&#8243; _module_preset=&#8221;default&#8221; global_colors_info=&#8221;{}&#8221;][et_pb_image src=&#8221;https:\/\/congresodeescritores1937.dival.es\/wp-content\/uploads\/2025\/01\/La-hora-de-Espana-Boton.jpg&#8221; title_text=&#8221;La-hora-de-Espana-Boton&#8221; url=&#8221;https:\/\/congresodeescritores1937.dival.es\/la-hora-de-espana\/&#8221; align=&#8221;center&#8221; force_fullwidth=&#8221;on&#8221; _builder_version=&#8221;4.27.4&#8243; _module_preset=&#8221;default&#8221; border_width_all=&#8221;3px&#8221; border_color_all=&#8221;#000000&#8243; global_colors_info=&#8221;{}&#8221;][\/et_pb_image][et_pb_text _builder_version=&#8221;4.27.4&#8243; _module_preset=&#8221;default&#8221; global_colors_info=&#8221;{}&#8221;]<\/p>\n<h4><em>La Hora de Espa\u00f1a<\/em><\/h4>\n<p>[\/et_pb_text][\/et_pb_column][\/et_pb_row][et_pb_row column_structure=&#8221;1_4,1_4,1_4,1_4&#8243; _builder_version=&#8221;4.27.4&#8243; _module_preset=&#8221;default&#8221; global_colors_info=&#8221;{}&#8221;][et_pb_column type=&#8221;1_4&#8243; _builder_version=&#8221;4.27.4&#8243; _module_preset=&#8221;default&#8221; global_colors_info=&#8221;{}&#8221;][et_pb_image src=&#8221;https:\/\/congresodeescritores1937.dival.es\/wp-content\/uploads\/2025\/02\/Vendredi-boton.jpg&#8221; title_text=&#8221;Vendredi-boton&#8221; url=&#8221;https:\/\/congresodeescritores1937.dival.es\/vendredi\/&#8221; align=&#8221;center&#8221; _builder_version=&#8221;4.27.4&#8243; _module_preset=&#8221;default&#8221; global_colors_info=&#8221;{}&#8221;][\/et_pb_image][et_pb_text _builder_version=&#8221;4.27.4&#8243; _module_preset=&#8221;default&#8221; global_colors_info=&#8221;{}&#8221;]<\/p>\n<h4><em>Vendredi<\/em><\/h4>\n<p>[\/et_pb_text][\/et_pb_column][et_pb_column type=&#8221;1_4&#8243; _builder_version=&#8221;4.27.4&#8243; _module_preset=&#8221;default&#8221; global_colors_info=&#8221;{}&#8221;][et_pb_image src=&#8221;https:\/\/congresodeescritores1937.dival.es\/wp-content\/uploads\/2025\/02\/ce-soir-boton.jpg&#8221; title_text=&#8221;ce-soir-boton&#8221; url=&#8221;https:\/\/congresodeescritores1937.dival.es\/vlca\/ce-soir\/&#8221; align=&#8221;center&#8221; _builder_version=&#8221;4.27.4&#8243; _module_preset=&#8221;default&#8221; global_colors_info=&#8221;{}&#8221;][\/et_pb_image][et_pb_text _builder_version=&#8221;4.27.4&#8243; _module_preset=&#8221;default&#8221; global_colors_info=&#8221;{}&#8221;]<\/p>\n<h4><em>Ce Soir<\/em><\/h4>\n<p>[\/et_pb_text][\/et_pb_column][et_pb_column type=&#8221;1_4&#8243; _builder_version=&#8221;4.27.4&#8243; _module_preset=&#8221;default&#8221; global_colors_info=&#8221;{}&#8221;][\/et_pb_column][et_pb_column type=&#8221;1_4&#8243; _builder_version=&#8221;4.27.4&#8243; _module_preset=&#8221;default&#8221; global_colors_info=&#8221;{}&#8221;][\/et_pb_column][\/et_pb_row][\/et_pb_section][et_pb_section fb_built=&#8221;1&#8243; _builder_version=&#8221;4.27.4&#8243; _module_preset=&#8221;default&#8221; border_width_top=&#8221;3px&#8221; global_colors_info=&#8221;{}&#8221;][et_pb_row column_structure=&#8221;1_4,1_4,1_4,1_4&#8243; _builder_version=&#8221;4.27.4&#8243; _module_preset=&#8221;default&#8221; border_color_all=&#8221;RGBA(255,255,255,0)&#8221; border_width_bottom=&#8221;1px&#8221; global_colors_info=&#8221;{}&#8221;][et_pb_column type=&#8221;1_4&#8243; _builder_version=&#8221;4.27.4&#8243; _module_preset=&#8221;default&#8221; global_colors_info=&#8221;{}&#8221;][et_pb_icon font_icon=&#8221;&#xe03b;||divi||400&#8243; icon_color=&#8221;#000000&#8243; icon_width=&#8221;50px&#8221; url=&#8221;https:\/\/congresodeescritores1937.dival.es\/vlca\/el-congres-i-el-teatre\/&#8221; _builder_version=&#8221;4.27.4&#8243; _module_preset=&#8221;default&#8221; hover_enabled=&#8221;0&#8243; global_colors_info=&#8221;{}&#8221; sticky_enabled=&#8221;0&#8243;][\/et_pb_icon][\/et_pb_column][et_pb_column type=&#8221;1_4&#8243; _builder_version=&#8221;4.27.4&#8243; _module_preset=&#8221;default&#8221; global_colors_info=&#8221;{}&#8221;][et_pb_heading title=&#8221;El congr\u00e9s i el teatre&#8221; url=&#8221;https:\/\/congresodeescritores1937.dival.es\/vlca\/el-congres-i-el-teatre\/&#8221; _builder_version=&#8221;4.27.4&#8243; _module_preset=&#8221;default&#8221; title_font=&#8221;Ubuntu Condensed|700|||||||&#8221; hover_enabled=&#8221;0&#8243; global_colors_info=&#8221;{}&#8221; sticky_enabled=&#8221;0&#8243;][\/et_pb_heading][\/et_pb_column][et_pb_column type=&#8221;1_4&#8243; _builder_version=&#8221;4.27.4&#8243; _module_preset=&#8221;default&#8221; global_colors_info=&#8221;{}&#8221;][et_pb_heading title=&#8221;El congr\u00e9s i la guerra&#8221; url=&#8221;https:\/\/congresodeescritores1937.dival.es\/vlca\/el-congres-i-la-guerra\/&#8221; _builder_version=&#8221;4.27.4&#8243; _module_preset=&#8221;default&#8221; title_font=&#8221;Ubuntu Condensed|700|||||||&#8221; hover_enabled=&#8221;0&#8243; global_colors_info=&#8221;{}&#8221; sticky_enabled=&#8221;0&#8243;][\/et_pb_heading][\/et_pb_column][et_pb_column type=&#8221;1_4&#8243; _builder_version=&#8221;4.27.4&#8243; _module_preset=&#8221;default&#8221; global_colors_info=&#8221;{}&#8221;][et_pb_icon font_icon=&#8221;&#xe03c;||divi||400&#8243; icon_color=&#8221;#000000&#8243; icon_width=&#8221;50px&#8221; url=&#8221;https:\/\/congresodeescritores1937.dival.es\/vlca\/el-congres-i-la-guerra\/&#8221; _builder_version=&#8221;4.27.4&#8243; _module_preset=&#8221;default&#8221; hover_enabled=&#8221;0&#8243; global_colors_info=&#8221;{}&#8221; sticky_enabled=&#8221;0&#8243;][\/et_pb_icon][\/et_pb_column][\/et_pb_row][\/et_pb_section]<\/p>\n","protected":false},"excerpt":{"rendered":"<p>AdelanteAhoraCr\u00f3nicaEl Mercantil ValencianoEl Mono AzulEl PuebloEl Sol (Madrid)EstampaFragua SocialFrente RojoLa Correspondencia ValencianaLa HoraLa HumanitatLa Voz (Madrid)La Voz ValencianaMundo Gr\u00e1ficoRegards\u00daltima HoraLa VanguardiaLa Hora de Espa\u00f1aVendrediCe Soir<\/p>\n","protected":false},"author":1,"featured_media":0,"parent":0,"menu_order":0,"comment_status":"closed","ping_status":"closed","template":"","meta":{"_et_pb_use_builder":"on","_et_pb_old_content":"","_et_gb_content_width":"","footnotes":""},"class_list":["post-5912","page","type-page","status-publish","hentry"],"_links":{"self":[{"href":"https:\/\/congresodeescritores1937.dival.es\/vlca\/wp-json\/wp\/v2\/pages\/5912","targetHints":{"allow":["GET"]}}],"collection":[{"href":"https:\/\/congresodeescritores1937.dival.es\/vlca\/wp-json\/wp\/v2\/pages"}],"about":[{"href":"https:\/\/congresodeescritores1937.dival.es\/vlca\/wp-json\/wp\/v2\/types\/page"}],"author":[{"embeddable":true,"href":"https:\/\/congresodeescritores1937.dival.es\/vlca\/wp-json\/wp\/v2\/users\/1"}],"replies":[{"embeddable":true,"href":"https:\/\/congresodeescritores1937.dival.es\/vlca\/wp-json\/wp\/v2\/comments?post=5912"}],"version-history":[{"count":3,"href":"https:\/\/congresodeescritores1937.dival.es\/vlca\/wp-json\/wp\/v2\/pages\/5912\/revisions"}],"predecessor-version":[{"id":6248,"href":"https:\/\/congresodeescritores1937.dival.es\/vlca\/wp-json\/wp\/v2\/pages\/5912\/revisions\/6248"}],"wp:attachment":[{"href":"https:\/\/congresodeescritores1937.dival.es\/vlca\/wp-json\/wp\/v2\/media?parent=5912"}],"curies":[{"name":"wp","href":"https:\/\/api.w.org\/{rel}","templated":true}]}}