{"id":5973,"date":"2025-02-06T00:08:42","date_gmt":"2025-02-06T00:08:42","guid":{"rendered":"https:\/\/congresodeescritores1937.dival.es\/seu-de-madrid\/"},"modified":"2025-06-14T10:02:57","modified_gmt":"2025-06-14T10:02:57","slug":"seu-de-madrid","status":"publish","type":"page","link":"https:\/\/congresodeescritores1937.dival.es\/vlca\/seu-de-madrid\/","title":{"rendered":"Seu de Madrid"},"content":{"rendered":"<p>[et_pb_section fb_built=&#8221;1&#8243; fullwidth=&#8221;on&#8221; _builder_version=&#8221;4.27.4&#8243; _module_preset=&#8221;default&#8221; background_enable_color=&#8221;off&#8221; background_image=&#8221;https:\/\/congresodeescritores1937.dival.es\/wp-content\/uploads\/2025\/02\/sede-madrid-header-oscurecido.jpg&#8221; background_position=&#8221;bottom_center&#8221; global_colors_info=&#8221;{}&#8221;][et_pb_fullwidth_header title=&#8221;SEU DE MADRID&#8221; subhead=&#8221;6 i 8 de juliol de 1937&#8243; header_fullscreen=&#8221;on&#8221; background_overlay_color=&#8221;RGBA(255,255,255,0)&#8221; content_orientation=&#8221;bottom&#8221; _builder_version=&#8221;4.27.4&#8243; _module_preset=&#8221;default&#8221; title_font=&#8221;Ubuntu Condensed|700|||||||&#8221; title_text_color=&#8221;#FFFFFF&#8221; title_font_size=&#8221;50px&#8221; subhead_font=&#8221;|300|||||||&#8221; subhead_text_align=&#8221;left&#8221; subhead_font_size=&#8221;20px&#8221; background_enable_color=&#8221;off&#8221; global_colors_info=&#8221;{}&#8221;][\/et_pb_fullwidth_header][\/et_pb_section][et_pb_section fb_built=&#8221;1&#8243; _builder_version=&#8221;4.27.4&#8243; _module_preset=&#8221;default&#8221; global_colors_info=&#8221;{}&#8221;][et_pb_row _builder_version=&#8221;4.27.4&#8243; _module_preset=&#8221;default&#8221; global_colors_info=&#8221;{}&#8221;][et_pb_column type=&#8221;4_4&#8243; _builder_version=&#8221;4.27.4&#8243; _module_preset=&#8221;default&#8221; global_colors_info=&#8221;{}&#8221;][et_pb_heading title=&#8221;Resid\u00e8ncia d&#8217;estudiants&#8221; _builder_version=&#8221;4.27.4&#8243; _module_preset=&#8221;default&#8221; title_font=&#8221;Ubuntu Condensed|700|||||||&#8221; title_text_color=&#8221;#000000&#8243; hover_enabled=&#8221;0&#8243; global_colors_info=&#8221;{}&#8221; sticky_enabled=&#8221;0&#8243;][\/et_pb_heading][\/et_pb_column][\/et_pb_row][et_pb_row _builder_version=&#8221;4.27.4&#8243; _module_preset=&#8221;default&#8221; global_colors_info=&#8221;{}&#8221;][et_pb_column type=&#8221;4_4&#8243; _builder_version=&#8221;4.27.4&#8243; _module_preset=&#8221;default&#8221; global_colors_info=&#8221;{}&#8221;][et_pb_text _builder_version=&#8221;4.27.4&#8243; _module_preset=&#8221;default&#8221; text_orientation=&#8221;justified&#8221; global_colors_info=&#8221;{}&#8221;]<\/p>\n<h4 style=\"line-height: 150%;\">El congr\u00e9s es va traslladar al Madrid assetjat el 5 de juliol. El lloc triat per a les sessions de Madrid va ser l\u2019auditori de la Residencia de Estudiantes. All\u00ed es van celebrar les sessions de les jornades del 6 i el 8 de juliol.<\/h4>\n<p>[\/et_pb_text][et_pb_image src=&#8221;https:\/\/congresodeescritores1937.dival.es\/wp-content\/uploads\/2025\/02\/FGFZ_043_1432.jpg&#8221; title_text=&#8221;FGFZ_043_1432&#8243; align=&#8221;center&#8221; force_fullwidth=&#8221;on&#8221; _builder_version=&#8221;4.27.4&#8243; _module_preset=&#8221;default&#8221; border_width_all=&#8221;3px&#8221; border_color_all=&#8221;#000000&#8243; global_colors_info=&#8221;{}&#8221;][\/et_pb_image][et_pb_text _builder_version=&#8221;4.27.4&#8243; _module_preset=&#8221;default&#8221; global_colors_info=&#8221;{}&#8221;]<\/p>\n<p style=\"line-height: 150%;\">Els delegats omplin l\u2019auditori de la Residencia de Estudiantes a l\u2019inici de la sessi\u00f3 del Congr\u00e9s. Madrid, 6 de juliol de 1937<\/p>\n<p>[\/et_pb_text][et_pb_text _builder_version=&#8221;4.27.4&#8243; _module_preset=&#8221;default&#8221; text_orientation=&#8221;justified&#8221; global_colors_info=&#8221;{}&#8221;]<\/p>\n<h4 style=\"line-height: 150%;\"><span style=\"color: #333333;\">El modern auditori de la Residencia de Estudiantes s\u2019havia inaugurat el 1933. L\u2019edifici \u00e9s obra dels arquitectes Carlos Arniches i Mart\u00edn Dom\u00ednguez. De car\u00e0cter racionalista, disposava de sala d\u2019actes, sala de confer\u00e8ncies, biblioteca, sala de lectura i aules, al voltant d\u2019un pati claustre amb una font al centre.<\/span><\/h4>\n<p>[\/et_pb_text][et_pb_image src=&#8221;https:\/\/congresodeescritores1937.dival.es\/wp-content\/uploads\/2025\/02\/seccion-auditorio.jpg&#8221; title_text=&#8221;seccion-auditori&#8221; align=&#8221;center&#8221; force_fullwidth=&#8221;on&#8221; _builder_version=&#8221;4.27.4&#8243; _module_preset=&#8221;default&#8221; border_width_all=&#8221;3px&#8221; border_color_all=&#8221;#000000&#8243; global_colors_info=&#8221;{}&#8221;][\/et_pb_image][et_pb_text _builder_version=&#8221;4.27.4&#8243; _module_preset=&#8221;default&#8221; global_colors_info=&#8221;{}&#8221;]<\/p>\n<p style=\"line-height: 150%;\">Pl\u00e0nol de la Residencia de Estudiantes, secci\u00f3 transversal.<\/p>\n<p>[\/et_pb_text][\/et_pb_column][\/et_pb_row][\/et_pb_section][et_pb_section fb_built=&#8221;1&#8243; _builder_version=&#8221;4.27.4&#8243; _module_preset=&#8221;default&#8221; background_color=&#8221;#000000&#8243; global_colors_info=&#8221;{}&#8221;][et_pb_row _builder_version=&#8221;4.27.4&#8243; _module_preset=&#8221;default&#8221; global_colors_info=&#8221;{}&#8221;][et_pb_column type=&#8221;4_4&#8243; _builder_version=&#8221;4.27.4&#8243; _module_preset=&#8221;default&#8221; global_colors_info=&#8221;{}&#8221;][et_pb_heading title=&#8221;Visita als fronts&#8221; _builder_version=&#8221;4.27.4&#8243; _module_preset=&#8221;default&#8221; title_font=&#8221;Ubuntu Condensed|700|||||||&#8221; title_text_color=&#8221;#FFFFFF&#8221; global_colors_info=&#8221;{}&#8221;][\/et_pb_heading][et_pb_text _builder_version=&#8221;4.27.4&#8243; _module_preset=&#8221;default&#8221; text_font=&#8221;|300|||||||&#8221; text_text_color=&#8221;#FFFFFF&#8221; global_colors_info=&#8221;{}&#8221;]<\/p>\n<h4 style=\"line-height: 150%;\"><span style=\"color: #ffffff;\">El mat\u00ed del 7 de juliol es va fer la visita als fronts. Un d\u2019ells va rec\u00f3rrer Madrid, els seus parapets i llocs emblem\u00e0tics, que va arreplegar el cineasta Julio Bris en el seu documental sobre el congr\u00e9s. <\/span><\/h4>\n<h4 style=\"line-height: 150%;\"><span style=\"color: #ffffff;\">Un altre grup es va despla\u00e7ar per a con\u00e9ixer el front de Guadalajara. Els delegats es van despla\u00e7ar a la localitat de Torija i van celebrar un acte de confraternitzaci\u00f3 amb l\u2019Ex\u00e8rcit Popular de la Rep\u00fablica, en el qual alguns delegats van pronunciar discursos. Despr\u00e9s van visitar les trinxeres del front i el poble de Brihuega.<\/span><\/h4>\n<p>[\/et_pb_text][\/et_pb_column][\/et_pb_row][et_pb_row column_structure=&#8221;1_2,1_2&#8243; _builder_version=&#8221;4.27.4&#8243; _module_preset=&#8221;default&#8221; global_colors_info=&#8221;{}&#8221;][et_pb_column type=&#8221;1_2&#8243; _builder_version=&#8221;4.27.4&#8243; _module_preset=&#8221;default&#8221; global_colors_info=&#8221;{}&#8221;][et_pb_image src=&#8221;https:\/\/congresodeescritores1937.dival.es\/wp-content\/uploads\/2025\/02\/Frente-Guadalajara-Torija-.jpg&#8221; title_text=&#8221;Front-Guadalajara-Torija-&#8221; force_fullwidth=&#8221;on&#8221; _builder_version=&#8221;4.27.4&#8243; _module_preset=&#8221;default&#8221; border_width_all=&#8221;1px&#8221; border_color_all=&#8221;#FFFFFF&#8221; global_colors_info=&#8221;{}&#8221;][\/et_pb_image][et_pb_text _builder_version=&#8221;4.27.4&#8243; _module_preset=&#8221;default&#8221; text_font=&#8221;|300|||||||&#8221; text_text_color=&#8221;#FFFFFF&#8221; text_orientation=&#8221;justified&#8221; global_colors_info=&#8221;{}&#8221;]<\/p>\n<p style=\"line-height: 150%;\"><span style=\"color: #ffffff;\">Tropes republicanes escolten els discursos dels congressistes durant la visita al front de Guadalajara. Torija, mat\u00ed del 7 de juliol de 1937<\/span><\/p>\n<p>&nbsp;<\/p>\n<p>[\/et_pb_text][\/et_pb_column][et_pb_column type=&#8221;1_2&#8243; _builder_version=&#8221;4.27.4&#8243; _module_preset=&#8221;default&#8221; global_colors_info=&#8221;{}&#8221;][et_pb_image src=&#8221;https:\/\/congresodeescritores1937.dival.es\/wp-content\/uploads\/2025\/02\/Frente-Guadalajara-Brihuega-.jpg&#8221; title_text=&#8221;Front-Guadalajara-Brihuega-&#8221; force_fullwidth=&#8221;on&#8221; _builder_version=&#8221;4.27.4&#8243; _module_preset=&#8221;default&#8221; border_width_all=&#8221;1px&#8221; border_color_all=&#8221;#FFFFFF&#8221; global_colors_info=&#8221;{}&#8221;][\/et_pb_image][et_pb_text _builder_version=&#8221;4.27.4&#8243; _module_preset=&#8221;default&#8221; text_font=&#8221;|300|||||||&#8221; text_text_color=&#8221;#FFFFFF&#8221; text_orientation=&#8221;justified&#8221; global_colors_info=&#8221;{}&#8221;]<\/p>\n<p>Els intel\u00b7lectuals, de visita al front de Guadalajara Prop de Brihuega, mat\u00ed del 7 de juliol de 1937<\/p>\n<p>[\/et_pb_text][\/et_pb_column][\/et_pb_row][\/et_pb_section][et_pb_section fb_built=&#8221;1&#8243; fullwidth=&#8221;on&#8221; _builder_version=&#8221;4.27.4&#8243; _module_preset=&#8221;default&#8221; global_colors_info=&#8221;{}&#8221;][et_pb_fullwidth_image title_text=&#8221;Salon-de-plens-del-Ajuntament-de-Val\u00e8ncia&#8221; _builder_version=&#8221;4.27.4&#8243; _module_preset=&#8221;default&#8221; global_colors_info=&#8221;{}&#8221;][\/et_pb_fullwidth_image][\/et_pb_section][et_pb_section fb_built=&#8221;1&#8243; _builder_version=&#8221;4.27.4&#8243; _module_preset=&#8221;default&#8221; background_color=&#8221;#FFFFFF&#8221; global_colors_info=&#8221;{}&#8221;][et_pb_row _builder_version=&#8221;4.27.4&#8243; _module_preset=&#8221;default&#8221; global_colors_info=&#8221;{}&#8221;][et_pb_column type=&#8221;4_4&#8243; _builder_version=&#8221;4.27.4&#8243; _module_preset=&#8221;default&#8221; global_colors_info=&#8221;{}&#8221;][et_pb_heading title=&#8221;Cine Salamanca&#8221; _builder_version=&#8221;4.27.4&#8243; _module_preset=&#8221;default&#8221; title_font=&#8221;Ubuntu Condensed|700|||||||&#8221; title_text_color=&#8221;#000000&#8243; global_colors_info=&#8221;{}&#8221;][\/et_pb_heading][\/et_pb_column][\/et_pb_row][et_pb_row _builder_version=&#8221;4.27.4&#8243; _module_preset=&#8221;default&#8221; global_colors_info=&#8221;{}&#8221;][et_pb_column type=&#8221;4_4&#8243; _builder_version=&#8221;4.27.4&#8243; _module_preset=&#8221;default&#8221; global_colors_info=&#8221;{}&#8221;][et_pb_text _builder_version=&#8221;4.27.4&#8243; _module_preset=&#8221;default&#8221; global_colors_info=&#8221;{}&#8221;]<\/p>\n<h4 style=\"line-height: 150%;\">L\u2019\u00faltim escenari madrileny \u00e9s el Cine Salamanca, en el qual va tindre lloc la sessi\u00f3 del dia 7 de juliol a la vesprada. Es va triar este recinte pel seu gran aforament, prop de 900 butaques, i es va pensar en un acte que retera homenatge als heroics defensors de Madrid i al poble treballador<\/h4>\n<p>[\/et_pb_text][\/et_pb_column][\/et_pb_row][et_pb_row _builder_version=&#8221;4.27.4&#8243; _module_preset=&#8221;default&#8221; global_colors_info=&#8221;{}&#8221;][et_pb_column type=&#8221;4_4&#8243; _builder_version=&#8221;4.27.4&#8243; _module_preset=&#8221;default&#8221; global_colors_info=&#8221;{}&#8221;][et_pb_image src=&#8221;https:\/\/congresodeescritores1937.dival.es\/wp-content\/uploads\/2025\/02\/Cine-Salamanca.jpg&#8221; title_text=&#8221;FGFZ_&#8221; force_fullwidth=&#8221;on&#8221; _builder_version=&#8221;4.27.4&#8243; _module_preset=&#8221;default&#8221; global_colors_info=&#8221;{}&#8221;][\/et_pb_image][et_pb_text _builder_version=&#8221;4.27.4&#8243; _module_preset=&#8221;default&#8221; global_colors_info=&#8221;{}&#8221;]<\/p>\n<p>Escenari i taula de la presid\u00e8ncia del congr\u00e9s al Cine Salamanca, el 7 de juliol de 1937<\/p>\n<p>[\/et_pb_text][\/et_pb_column][\/et_pb_row][\/et_pb_section][et_pb_section fb_built=&#8221;1&#8243; _builder_version=&#8221;4.27.4&#8243; _module_preset=&#8221;default&#8221; background_color=&#8221;#000000&#8243; global_colors_info=&#8221;{}&#8221;][et_pb_row _builder_version=&#8221;4.27.4&#8243; _module_preset=&#8221;default&#8221; global_colors_info=&#8221;{}&#8221;][et_pb_column type=&#8221;4_4&#8243; _builder_version=&#8221;4.27.4&#8243; _module_preset=&#8221;default&#8221; global_colors_info=&#8221;{}&#8221;][et_pb_gallery gallery_ids=&#8221;5590,5591,5592,5593,5594,5688,5687&#8243; fullwidth=&#8221;on&#8221; _builder_version=&#8221;4.27.4&#8243; _module_preset=&#8221;default&#8221; global_colors_info=&#8221;{}&#8221;][\/et_pb_gallery][\/et_pb_column][\/et_pb_row][\/et_pb_section][et_pb_section fb_built=&#8221;1&#8243; _builder_version=&#8221;4.27.4&#8243; _module_preset=&#8221;default&#8221; global_colors_info=&#8221;{}&#8221;][et_pb_row column_structure=&#8221;1_4,1_4,1_4,1_4&#8243; _builder_version=&#8221;4.27.4&#8243; _module_preset=&#8221;default&#8221; border_color_all=&#8221;RGBA(255,255,255,0)&#8221; border_width_bottom=&#8221;1px&#8221; global_colors_info=&#8221;{}&#8221;][et_pb_column type=&#8221;1_4&#8243; _builder_version=&#8221;4.27.4&#8243; _module_preset=&#8221;default&#8221; global_colors_info=&#8221;{}&#8221;][et_pb_icon font_icon=&#8221;&#xe03b;||divi||400&#8243; icon_color=&#8221;#000000&#8243; icon_width=&#8221;50px&#8221; url=&#8221;https:\/\/congresodeescritores1937.dival.es\/vlca\/seu-de-barcelona\/&#8221; _builder_version=&#8221;4.27.4&#8243; _module_preset=&#8221;default&#8221; global_colors_info=&#8221;{}&#8221;][\/et_pb_icon][\/et_pb_column][et_pb_column type=&#8221;1_4&#8243; _builder_version=&#8221;4.27.4&#8243; _module_preset=&#8221;default&#8221; global_colors_info=&#8221;{}&#8221;][et_pb_heading title=&#8221;Seu de Barcelona&#8221; url=&#8221;https:\/\/congresodeescritores1937.dival.es\/vlca\/seu-de-barcelona\/&#8221; _builder_version=&#8221;4.27.4&#8243; _module_preset=&#8221;default&#8221; title_font=&#8221;Ubuntu Condensed|700|||||||&#8221; global_colors_info=&#8221;{}&#8221;][\/et_pb_heading][\/et_pb_column][et_pb_column type=&#8221;1_4&#8243; _builder_version=&#8221;4.27.4&#8243; _module_preset=&#8221;default&#8221; global_colors_info=&#8221;{}&#8221;][et_pb_heading title=&#8221;Seu de Val\u00e8ncia&#8221; url=&#8221;https:\/\/congresodeescritores1937.dival.es\/vlca\/seu-de-valencia\/&#8221; _builder_version=&#8221;4.27.4&#8243; _module_preset=&#8221;default&#8221; title_font=&#8221;Ubuntu Condensed|700|||||||&#8221; global_colors_info=&#8221;{}&#8221;][\/et_pb_heading][\/et_pb_column][et_pb_column type=&#8221;1_4&#8243; _builder_version=&#8221;4.27.4&#8243; _module_preset=&#8221;default&#8221; global_colors_info=&#8221;{}&#8221;][et_pb_icon font_icon=&#8221;&#xe03c;||divi||400&#8243; icon_color=&#8221;#000000&#8243; icon_width=&#8221;50px&#8221; url=&#8221;https:\/\/congresodeescritores1937.dival.es\/vlca\/seu-de-valencia\/&#8221; _builder_version=&#8221;4.27.4&#8243; _module_preset=&#8221;default&#8221; global_colors_info=&#8221;{}&#8221;][\/et_pb_icon][\/et_pb_column][\/et_pb_row][\/et_pb_section]<\/p>\n","protected":false},"excerpt":{"rendered":"<p>El congr\u00e9s es va traslladar al Madrid assetjat el 5 de juliol. El lloc triat per a les sessions de Madrid va ser l\u2019auditori de la Residencia de Estudiantes. All\u00ed es van celebrar les sessions de les jornades del 6 i el 8 de juliol.Els delegats omplin l\u2019auditori de la Residencia de Estudiantes a l\u2019inici [&hellip;]<\/p>\n","protected":false},"author":1,"featured_media":0,"parent":0,"menu_order":0,"comment_status":"closed","ping_status":"closed","template":"","meta":{"_et_pb_use_builder":"on","_et_pb_old_content":"","_et_gb_content_width":"","footnotes":""},"class_list":["post-5973","page","type-page","status-publish","hentry"],"_links":{"self":[{"href":"https:\/\/congresodeescritores1937.dival.es\/vlca\/wp-json\/wp\/v2\/pages\/5973","targetHints":{"allow":["GET"]}}],"collection":[{"href":"https:\/\/congresodeescritores1937.dival.es\/vlca\/wp-json\/wp\/v2\/pages"}],"about":[{"href":"https:\/\/congresodeescritores1937.dival.es\/vlca\/wp-json\/wp\/v2\/types\/page"}],"author":[{"embeddable":true,"href":"https:\/\/congresodeescritores1937.dival.es\/vlca\/wp-json\/wp\/v2\/users\/1"}],"replies":[{"embeddable":true,"href":"https:\/\/congresodeescritores1937.dival.es\/vlca\/wp-json\/wp\/v2\/comments?post=5973"}],"version-history":[{"count":6,"href":"https:\/\/congresodeescritores1937.dival.es\/vlca\/wp-json\/wp\/v2\/pages\/5973\/revisions"}],"predecessor-version":[{"id":6252,"href":"https:\/\/congresodeescritores1937.dival.es\/vlca\/wp-json\/wp\/v2\/pages\/5973\/revisions\/6252"}],"wp:attachment":[{"href":"https:\/\/congresodeescritores1937.dival.es\/vlca\/wp-json\/wp\/v2\/media?parent=5973"}],"curies":[{"name":"wp","href":"https:\/\/api.w.org\/{rel}","templated":true}]}}