{"id":5977,"date":"2025-01-22T15:18:18","date_gmt":"2025-01-22T15:18:18","guid":{"rendered":"https:\/\/congresodeescritores1937.dival.es\/seu-de-valencia\/"},"modified":"2025-06-14T09:33:50","modified_gmt":"2025-06-14T09:33:50","slug":"seu-de-valencia","status":"publish","type":"page","link":"https:\/\/congresodeescritores1937.dival.es\/vlca\/seu-de-valencia\/","title":{"rendered":"Seu de Val\u00e8ncia"},"content":{"rendered":"<p>[et_pb_section fb_built=&#8221;1&#8243; fullwidth=&#8221;on&#8221; _builder_version=&#8221;4.27.4&#8243; _module_preset=&#8221;default&#8221; background_enable_color=&#8221;off&#8221; background_image=&#8221;https:\/\/congresodeescritores1937.dival.es\/wp-content\/uploads\/2025\/01\/valencia-header-oscurecido.jpg&#8221; global_colors_info=&#8221;{}&#8221;][et_pb_fullwidth_header title=&#8221;SEU DE VAL\u00c8NCIA&#8221; subhead=&#8221;Ajuntament de Val\u00e8ncia&#8221; header_fullscreen=&#8221;on&#8221; background_overlay_color=&#8221;RGBA(255,255,255,0)&#8221; content_orientation=&#8221;bottom&#8221; _builder_version=&#8221;4.27.4&#8243; _module_preset=&#8221;default&#8221; title_font=&#8221;Ubuntu Condensed|700|||||||&#8221; title_text_color=&#8221;#FFFFFF&#8221; title_font_size=&#8221;50px&#8221; subhead_font=&#8221;|300|||||||&#8221; subhead_text_align=&#8221;left&#8221; subhead_font_size=&#8221;20px&#8221; background_enable_color=&#8221;off&#8221; global_colors_info=&#8221;{}&#8221;][\/et_pb_fullwidth_header][\/et_pb_section][et_pb_section fb_built=&#8221;1&#8243; _builder_version=&#8221;4.27.4&#8243; _module_preset=&#8221;default&#8221; global_colors_info=&#8221;{}&#8221;][et_pb_row _builder_version=&#8221;4.27.4&#8243; _module_preset=&#8221;default&#8221; global_colors_info=&#8221;{}&#8221;][et_pb_column type=&#8221;4_4&#8243; _builder_version=&#8221;4.27.4&#8243; _module_preset=&#8221;default&#8221; global_colors_info=&#8221;{}&#8221;][et_pb_heading title=&#8221;Sal\u00f3 de plens&#8221; _builder_version=&#8221;4.27.4&#8243; _module_preset=&#8221;default&#8221; title_font=&#8221;Ubuntu Condensed|700|||||||&#8221; title_text_color=&#8221;#000000&#8243; global_colors_info=&#8221;{}&#8221;][\/et_pb_heading][\/et_pb_column][\/et_pb_row][et_pb_row _builder_version=&#8221;4.27.4&#8243; _module_preset=&#8221;default&#8221; global_colors_info=&#8221;{}&#8221;][et_pb_column type=&#8221;4_4&#8243; _builder_version=&#8221;4.27.4&#8243; _module_preset=&#8221;default&#8221; global_colors_info=&#8221;{}&#8221;][et_pb_text _builder_version=&#8221;4.27.4&#8243; _module_preset=&#8221;default&#8221; global_colors_info=&#8221;{}&#8221;]<\/p>\n<h4 style=\"line-height: 150%;\">El sal\u00f3 de plens de l\u2019Ajuntament de Val\u00e8ncia va acollir la hist\u00f2rica jornada inaugural del 4 de juliol amb la pres\u00e8ncia del president del Govern, el doctor Juan Negr\u00edn. Tamb\u00e9 hi van tindre lloc les sessions corresponents al 10 de juliol, ja de tornada de Madrid.<\/h4>\n<h4 style=\"line-height: 150%;\"><span style=\"color: #333333;\">A penes 38 dies abans, l\u2019edifici havia patit els impactes d\u2019un bombardeig i encara en mostrava els desperfectes.<\/span><\/h4>\n<h4 style=\"line-height: 150%;\"><\/h4>\n<p>[\/et_pb_text][et_pb_image src=&#8221;https:\/\/congresodeescritores1937.dival.es\/wp-content\/uploads\/2025\/01\/Salon-de-plenos-del-Ayuntamiento-de-Valencia.jpg&#8221; title_text=&#8221;Salon-de-plens-del-Ajuntament-de-Val\u00e8ncia&#8221; align=&#8221;center&#8221; force_fullwidth=&#8221;on&#8221; _builder_version=&#8221;4.27.4&#8243; _module_preset=&#8221;default&#8221; border_width_all=&#8221;1px&#8221; border_color_all=&#8221;#000000&#8243; global_colors_info=&#8221;{}&#8221;][\/et_pb_image][et_pb_text _builder_version=&#8221;4.27.4&#8243; _module_preset=&#8221;default&#8221; global_colors_info=&#8221;{}&#8221;]<\/p>\n<p>Aspecte general del sal\u00f3 de plens durant la sessi\u00f3 inaugural. Ajuntament de Val\u00e8ncia, 4 de juliol de 1937<\/p>\n<p>[\/et_pb_text][\/et_pb_column][\/et_pb_row][\/et_pb_section][et_pb_section fb_built=&#8221;1&#8243; _builder_version=&#8221;4.27.4&#8243; _module_preset=&#8221;default&#8221; background_color=&#8221;#000000&#8243; global_colors_info=&#8221;{}&#8221;][et_pb_row _builder_version=&#8221;4.27.4&#8243; _module_preset=&#8221;default&#8221; global_colors_info=&#8221;{}&#8221;][et_pb_column type=&#8221;4_4&#8243; _builder_version=&#8221;4.27.4&#8243; _module_preset=&#8221;default&#8221; global_colors_info=&#8221;{}&#8221;][et_pb_heading title=&#8221;Tribuna de presid\u00e8ncia&#8221; _builder_version=&#8221;4.27.4&#8243; _module_preset=&#8221;default&#8221; title_font=&#8221;Ubuntu Condensed|700|||||||&#8221; title_text_color=&#8221;#FFFFFF&#8221; global_colors_info=&#8221;{}&#8221;][\/et_pb_heading][et_pb_text _builder_version=&#8221;4.27.4&#8243; _module_preset=&#8221;default&#8221; text_font=&#8221;|300|||||||&#8221; text_text_color=&#8221;#FFFFFF&#8221; global_colors_info=&#8221;{}&#8221;]<\/p>\n<h3 style=\"line-height: 150%;\"><span style=\"color: #ffffff;\">La simbologia d\u2019una posada en escena dram\u00e0tica<\/span><\/h3>\n<h4 style=\"line-height: 150%;\"><span style=\"color: #ffffff;\">La taula de presid\u00e8ncia del Congr\u00e9s d\u2019Escriptors estava coronada per L\u2019al\u00b7legoria de la Rep\u00fablica, amb dos panells als costats que recordaven els intel\u00b7lectuals absents<\/span><\/h4>\n<p>&nbsp;[\/et_pb_text][et_pb_image src=&#8221;https:\/\/congresodeescritores1937.dival.es\/wp-content\/uploads\/2025\/02\/Mesa-Presidencia-2.jpg&#8221; title_text=&#8221;La-taula-de-Presid\u00e8ncia-del-Congr\u00e9s.-*Salon-de-plens-del-Ajuntament-de-Val\u00e8ncia&#8221; align=&#8221;center&#8221; _builder_version=&#8221;4.27.4&#8243; _module_preset=&#8221;default&#8221; global_colors_info=&#8221;{}&#8221;][\/et_pb_image][\/et_pb_column][\/et_pb_row][et_pb_row column_structure=&#8221;1_2,1_2&#8243; _builder_version=&#8221;4.27.4&#8243; _module_preset=&#8221;default&#8221; global_colors_info=&#8221;{}&#8221;][et_pb_column type=&#8221;1_2&#8243; _builder_version=&#8221;4.27.4&#8243; _module_preset=&#8221;default&#8221; global_colors_info=&#8221;{}&#8221;][et_pb_heading title=&#8221;L\u2019al\u00b7legoria&#8221; _builder_version=&#8221;4.27.4&#8243; _module_preset=&#8221;default&#8221; title_font=&#8221;Ubuntu Condensed|700|||||||&#8221; title_text_color=&#8221;#FFFFFF&#8221; global_colors_info=&#8221;{}&#8221;][\/et_pb_heading][et_pb_text _builder_version=&#8221;4.27.4&#8243; _module_preset=&#8221;default&#8221; text_font=&#8221;|300|||||||&#8221; global_colors_info=&#8221;{}&#8221;]<\/p>\n<h4 style=\"line-height: 150%;\"><span style=\"color: #ffffff;\">Obra de l\u2019escultor valenci\u00e0 Vicent Beltran Grimal. Era de fusta de caoba rossa, sobredaurada i patinada, de dos metres d\u2019al\u00e7\u00e0ria. D\u2019estil art-d\u00e9co, s\u2019assentava en una base de marbre d\u20191,40 metres. L\u2019al\u00b7legoria es troba desapareguda des de 1939. Nom\u00e9s se\u2019n conserva la base.<\/span><\/h4>\n<p>[\/et_pb_text][\/et_pb_column][et_pb_column type=&#8221;1_2&#8243; _builder_version=&#8221;4.27.4&#8243; _module_preset=&#8221;default&#8221; global_colors_info=&#8221;{}&#8221;][et_pb_heading title=&#8221;Els absents&#8221; _builder_version=&#8221;4.27.4&#8243; _module_preset=&#8221;default&#8221; title_font=&#8221;Ubuntu Condensed|700|||||||&#8221; title_text_color=&#8221;#FFFFFF&#8221; global_colors_info=&#8221;{}&#8221;][\/et_pb_heading][et_pb_text _builder_version=&#8221;4.27.4&#8243; _module_preset=&#8221;default&#8221; text_font=&#8221;|300|||||||&#8221; global_colors_info=&#8221;{}&#8221;]<\/p>\n<h4 style=\"line-height: 150%;\"><span style=\"color: #ffffff;\">El congr\u00e9s ret homenatge a intel\u00b7lectuals morts per causes naturals, en combat o assassinats.<\/span><\/h4>\n<p>[\/et_pb_text][et_pb_button button_url=&#8221;https:\/\/congresodeescritores1937.dival.es\/vlca\/absents\/&#8221; button_text=&#8221;Absents&#8221; button_alignment=&#8221;left&#8221; _builder_version=&#8221;4.27.4&#8243; _module_preset=&#8221;default&#8221; custom_button=&#8221;on&#8221; button_text_size=&#8221;15px&#8221; button_text_color=&#8221;#FFFFFF&#8221; button_border_width=&#8221;1px&#8221; button_border_color=&#8221;#FFFFFF&#8221; button_font=&#8221;|300|||||||&#8221; hover_enabled=&#8221;0&#8243; global_colors_info=&#8221;{}&#8221; sticky_enabled=&#8221;0&#8243;][\/et_pb_button][\/et_pb_column][\/et_pb_row][\/et_pb_section][et_pb_section fb_built=&#8221;1&#8243; fullwidth=&#8221;on&#8221; _builder_version=&#8221;4.27.4&#8243; _module_preset=&#8221;default&#8221; global_colors_info=&#8221;{}&#8221;][et_pb_fullwidth_image title_text=&#8221;Salon-de-plens-del-Ajuntament-de-Val\u00e8ncia&#8221; _builder_version=&#8221;4.27.4&#8243; _module_preset=&#8221;default&#8221; global_colors_info=&#8221;{}&#8221;][\/et_pb_fullwidth_image][\/et_pb_section][et_pb_section fb_built=&#8221;1&#8243; _builder_version=&#8221;4.27.4&#8243; _module_preset=&#8221;default&#8221; background_color=&#8221;#FFFFFF&#8221; global_colors_info=&#8221;{}&#8221;][et_pb_row _builder_version=&#8221;4.27.4&#8243; _module_preset=&#8221;default&#8221; global_colors_info=&#8221;{}&#8221;][et_pb_column type=&#8221;4_4&#8243; _builder_version=&#8221;4.27.4&#8243; _module_preset=&#8221;default&#8221; global_colors_info=&#8221;{}&#8221;][et_pb_heading title=&#8221;Sala annexa al plenari&#8221; _builder_version=&#8221;4.27.4&#8243; _module_preset=&#8221;default&#8221; title_font=&#8221;Ubuntu Condensed|700|||||||&#8221; title_text_color=&#8221;#000000&#8243; global_colors_info=&#8221;{}&#8221;][\/et_pb_heading][\/et_pb_column][\/et_pb_row][et_pb_row _builder_version=&#8221;4.27.4&#8243; _module_preset=&#8221;default&#8221; global_colors_info=&#8221;{}&#8221;][et_pb_column type=&#8221;4_4&#8243; _builder_version=&#8221;4.27.4&#8243; _module_preset=&#8221;default&#8221; global_colors_info=&#8221;{}&#8221;][et_pb_text _builder_version=&#8221;4.27.4&#8243; _module_preset=&#8221;default&#8221; global_colors_info=&#8221;{}&#8221;]<\/p>\n<h4 style=\"line-height: 150%;\">Una sala annexa al plenari va acollir una exposici\u00f3 que mostrava la lluita del poble espanyol contra el feixisme. Les fotografies de Walter Reuter s\u00f3n els primers documents que acrediten que esta exposici\u00f3 es va celebrar, perqu\u00e8 no se\u2019n tenia cap refer\u00e8ncia. <\/h4>\n<h4 style=\"line-height: 150%;\">Sembla probable que en l\u2019elaboraci\u00f3 va participar el Comissariat de Propaganda. Algunes de les fotografies exposades s\u00f3n del mateix Reuter. En els descansos de les sessions, els delegats conversaven animadament a la sala. <\/h4>\n<p>[\/et_pb_text][\/et_pb_column][\/et_pb_row][et_pb_row _builder_version=&#8221;4.27.4&#8243; _module_preset=&#8221;default&#8221; global_colors_info=&#8221;{}&#8221;][et_pb_column type=&#8221;4_4&#8243; _builder_version=&#8221;4.27.4&#8243; _module_preset=&#8221;default&#8221; global_colors_info=&#8221;{}&#8221;][et_pb_image src=&#8221;https:\/\/congresodeescritores1937.dival.es\/wp-content\/uploads\/2025\/01\/Sala-anexa-sintocar-muy-alta.jpg&#8221; title_text=&#8221;Sala-annexa-sintocar-molt-alta&#8221; force_fullwidth=&#8221;on&#8221; _builder_version=&#8221;4.27.4&#8243; _module_preset=&#8221;default&#8221; border_width_all=&#8221;1px&#8221; border_color_all=&#8221;#000000&#8243; global_colors_info=&#8221;{}&#8221;][\/et_pb_image][et_pb_text _builder_version=&#8221;4.27.4&#8243; _module_preset=&#8221;default&#8221; global_colors_info=&#8221;{}&#8221;]<\/p>\n<p>Vista parcial de l\u2019exposici\u00f3 associada al congr\u00e9s, on s\u2019aprecien els efectes del recent bombardeig. Ajuntament de Val\u00e8ncia, 4 de juliol de 1937<\/p>\n<p>[\/et_pb_text][\/et_pb_column][\/et_pb_row][\/et_pb_section][et_pb_section fb_built=&#8221;1&#8243; _builder_version=&#8221;4.27.4&#8243; _module_preset=&#8221;default&#8221; background_color=&#8221;#000000&#8243; global_colors_info=&#8221;{}&#8221;][et_pb_row _builder_version=&#8221;4.27.4&#8243; _module_preset=&#8221;default&#8221; global_colors_info=&#8221;{}&#8221;][et_pb_column type=&#8221;4_4&#8243; _builder_version=&#8221;4.27.4&#8243; _module_preset=&#8221;default&#8221; global_colors_info=&#8221;{}&#8221;][et_pb_gallery gallery_ids=&#8221;4831,5809,5807,5806,5803,5804,5855&#8243; fullwidth=&#8221;on&#8221; _builder_version=&#8221;4.27.4&#8243; _module_preset=&#8221;default&#8221; global_colors_info=&#8221;{}&#8221;][\/et_pb_gallery][\/et_pb_column][\/et_pb_row][\/et_pb_section][et_pb_section fb_built=&#8221;1&#8243; _builder_version=&#8221;4.27.4&#8243; _module_preset=&#8221;default&#8221; border_width_top=&#8221;3px&#8221; global_colors_info=&#8221;{}&#8221;][et_pb_row column_structure=&#8221;1_4,1_4,1_4,1_4&#8243; _builder_version=&#8221;4.27.4&#8243; _module_preset=&#8221;default&#8221; border_color_all=&#8221;RGBA(255,255,255,0)&#8221; border_width_bottom=&#8221;1px&#8221; global_colors_info=&#8221;{}&#8221;][et_pb_column type=&#8221;1_4&#8243; _builder_version=&#8221;4.27.4&#8243; _module_preset=&#8221;default&#8221; global_colors_info=&#8221;{}&#8221;][et_pb_icon font_icon=&#8221;&#xe03b;||divi||400&#8243; icon_color=&#8221;#000000&#8243; icon_width=&#8221;50px&#8221; url=&#8221;https:\/\/congresodeescritores1937.dival.es\/vlca\/seu-de-madrid\/&#8221; _builder_version=&#8221;4.27.4&#8243; _module_preset=&#8221;default&#8221; hover_enabled=&#8221;0&#8243; global_colors_info=&#8221;{}&#8221; sticky_enabled=&#8221;0&#8243;][\/et_pb_icon][\/et_pb_column][et_pb_column type=&#8221;1_4&#8243; _builder_version=&#8221;4.27.4&#8243; _module_preset=&#8221;default&#8221; global_colors_info=&#8221;{}&#8221;][et_pb_heading title=&#8221;Seu de Madrid&#8221; url=&#8221;https:\/\/congresodeescritores1937.dival.es\/vlca\/seu-de-madrid\/&#8221; _builder_version=&#8221;4.27.4&#8243; _module_preset=&#8221;default&#8221; title_font=&#8221;Ubuntu Condensed|700|||||||&#8221; hover_enabled=&#8221;0&#8243; global_colors_info=&#8221;{}&#8221; sticky_enabled=&#8221;0&#8243;][\/et_pb_heading][\/et_pb_column][et_pb_column type=&#8221;1_4&#8243; _builder_version=&#8221;4.27.4&#8243; _module_preset=&#8221;default&#8221; global_colors_info=&#8221;{}&#8221;][et_pb_heading title=&#8221;Seu de Barcelona&#8221; url=&#8221;https:\/\/congresodeescritores1937.dival.es\/vlca\/seu-de-barcelona\/&#8221; _builder_version=&#8221;4.27.4&#8243; _module_preset=&#8221;default&#8221; title_font=&#8221;Ubuntu Condensed|700|||||||&#8221; hover_enabled=&#8221;0&#8243; global_colors_info=&#8221;{}&#8221; sticky_enabled=&#8221;0&#8243;][\/et_pb_heading][\/et_pb_column][et_pb_column type=&#8221;1_4&#8243; _builder_version=&#8221;4.27.4&#8243; _module_preset=&#8221;default&#8221; global_colors_info=&#8221;{}&#8221;][et_pb_icon font_icon=&#8221;&#xe03c;||divi||400&#8243; icon_color=&#8221;#000000&#8243; icon_width=&#8221;50px&#8221; url=&#8221;https:\/\/congresodeescritores1937.dival.es\/vlca\/seu-de-barcelona\/&#8221; _builder_version=&#8221;4.27.4&#8243; _module_preset=&#8221;default&#8221; hover_enabled=&#8221;0&#8243; global_colors_info=&#8221;{}&#8221; sticky_enabled=&#8221;0&#8243;][\/et_pb_icon][\/et_pb_column][\/et_pb_row][\/et_pb_section]<\/p>\n","protected":false},"excerpt":{"rendered":"<p>El sal\u00f3 de plens de l\u2019Ajuntament de Val\u00e8ncia va acollir la hist\u00f2rica jornada inaugural del 4 de juliol amb la pres\u00e8ncia del president del Govern, el doctor Juan Negr\u00edn. Tamb\u00e9 hi van tindre lloc les sessions corresponents al 10 de juliol, ja de tornada de Madrid. A penes 38 dies abans, l\u2019edifici havia patit els [&hellip;]<\/p>\n","protected":false},"author":1,"featured_media":0,"parent":0,"menu_order":0,"comment_status":"closed","ping_status":"closed","template":"","meta":{"_et_pb_use_builder":"on","_et_pb_old_content":"","_et_gb_content_width":"","footnotes":""},"class_list":["post-5977","page","type-page","status-publish","hentry"],"_links":{"self":[{"href":"https:\/\/congresodeescritores1937.dival.es\/vlca\/wp-json\/wp\/v2\/pages\/5977","targetHints":{"allow":["GET"]}}],"collection":[{"href":"https:\/\/congresodeescritores1937.dival.es\/vlca\/wp-json\/wp\/v2\/pages"}],"about":[{"href":"https:\/\/congresodeescritores1937.dival.es\/vlca\/wp-json\/wp\/v2\/types\/page"}],"author":[{"embeddable":true,"href":"https:\/\/congresodeescritores1937.dival.es\/vlca\/wp-json\/wp\/v2\/users\/1"}],"replies":[{"embeddable":true,"href":"https:\/\/congresodeescritores1937.dival.es\/vlca\/wp-json\/wp\/v2\/comments?post=5977"}],"version-history":[{"count":8,"href":"https:\/\/congresodeescritores1937.dival.es\/vlca\/wp-json\/wp\/v2\/pages\/5977\/revisions"}],"predecessor-version":[{"id":6240,"href":"https:\/\/congresodeescritores1937.dival.es\/vlca\/wp-json\/wp\/v2\/pages\/5977\/revisions\/6240"}],"wp:attachment":[{"href":"https:\/\/congresodeescritores1937.dival.es\/vlca\/wp-json\/wp\/v2\/media?parent=5977"}],"curies":[{"name":"wp","href":"https:\/\/api.w.org\/{rel}","templated":true}]}}