{"id":6197,"date":"2025-01-21T21:21:34","date_gmt":"2025-01-21T21:21:34","guid":{"rendered":"https:\/\/congresodeescritores1937.dival.es\/congres\/"},"modified":"2025-06-27T01:43:38","modified_gmt":"2025-06-27T01:43:38","slug":"congres","status":"publish","type":"page","link":"https:\/\/congresodeescritores1937.dival.es\/vlca\/congres\/","title":{"rendered":"Congr\u00e9s"},"content":{"rendered":"<p>[et_pb_section fb_built=&#8221;1&#8243; fullwidth=&#8221;on&#8221; _builder_version=&#8221;4.27.4&#8243; _module_preset=&#8221;default&#8221; background_image=&#8221;https:\/\/congresodeescritores1937.dival.es\/wp-content\/uploads\/2025\/01\/salon-sesiones-sintocar-oscurecido.jpg&#8221; global_colors_info=&#8221;{}&#8221;][et_pb_fullwidth_header title=&#8221;EL CONGR\u00c9S DE 1937&#8243; subhead=&#8221;Val\u00e8ncia &#8211; Madrid &#8211; Barcelona &#8211; Paris&#8221; header_fullscreen=&#8221;on&#8221; background_overlay_color=&#8221;RGBA(255,255,255,0)&#8221; content_orientation=&#8221;bottom&#8221; _builder_version=&#8221;4.27.4&#8243; _module_preset=&#8221;default&#8221; title_font=&#8221;Ubuntu Condensed|700|||||||&#8221; title_font_size=&#8221;50px&#8221; subhead_font=&#8221;|300|||||||&#8221; subhead_font_size=&#8221;20px&#8221; background_color=&#8221;RGBA(255,255,255,0)&#8221; global_colors_info=&#8221;{}&#8221;][\/et_pb_fullwidth_header][\/et_pb_section][et_pb_section fb_built=&#8221;1&#8243; _builder_version=&#8221;4.27.4&#8243; _module_preset=&#8221;default&#8221; global_colors_info=&#8221;{}&#8221;][et_pb_row _builder_version=&#8221;4.27.4&#8243; _module_preset=&#8221;default&#8221; global_colors_info=&#8221;{}&#8221;][et_pb_column type=&#8221;4_4&#8243; _builder_version=&#8221;4.27.4&#8243; _module_preset=&#8221;default&#8221; global_colors_info=&#8221;{}&#8221;][et_pb_heading title=&#8221;Un Congr\u00e9s per a la Hist\u00f2ria&#8221; _builder_version=&#8221;4.27.4&#8243; _module_preset=&#8221;default&#8221; title_font=&#8221;Ubuntu Condensed|700|||||||&#8221; global_colors_info=&#8221;{}&#8221;][\/et_pb_heading][et_pb_text _builder_version=&#8221;4.27.4&#8243; _module_preset=&#8221;default&#8221; text_font=&#8221;|300|||||||&#8221; text_text_color=&#8221;#000000&#8243; text_orientation=&#8221;justified&#8221; global_colors_info=&#8221;{}&#8221;]<\/p>\n<h4 style=\"line-height: 150%;\">L&#8217;II Congr\u00e9s Internacional d&#8217;Escriptors per a la Defensa de la Cultura va tindre lloc entre el 4 i el 17 de juliol de 1937 amb el suport de l&#8217;Alian\u00e7a d&#8217;Intel\u00b7lectuals Antifeixistes, va tindre com a antecedent l&#8217;I Congr\u00e9s Internacional d&#8217;Escriptors per a la Defensa de la Cultura celebrat a Par\u00eds del 21 al 25 de juny de 1935.<\/h4>\n<p>[\/et_pb_text][\/et_pb_column][\/et_pb_row][et_pb_row column_structure=&#8221;1_2,1_2&#8243; _builder_version=&#8221;4.27.4&#8243; _module_preset=&#8221;default&#8221; custom_padding=&#8221;||0px|||&#8221; global_colors_info=&#8221;{}&#8221;][et_pb_column type=&#8221;1_2&#8243; _builder_version=&#8221;4.27.4&#8243; _module_preset=&#8221;default&#8221; global_colors_info=&#8221;{}&#8221;][et_pb_image src=&#8221;https:\/\/congresodeescritores1937.dival.es\/wp-content\/uploads\/2025\/01\/Cartel-Congreso.jpg&#8221; title_text=&#8221;Cartell-Congr\u00e9s&#8221; align=&#8221;center&#8221; force_fullwidth=&#8221;on&#8221; _builder_version=&#8221;4.27.4&#8243; _module_preset=&#8221;default&#8221; border_width_all=&#8221;1px&#8221; border_color_all=&#8221;#000000&#8243; global_colors_info=&#8221;{}&#8221;][\/et_pb_image][et_pb_text _builder_version=&#8221;4.27.4&#8243; _module_preset=&#8221;default&#8221; text_font=&#8221;|300|||||||&#8221; text_text_color=&#8221;#000000&#8243; text_orientation=&#8221;justified&#8221; global_colors_info=&#8221;{}&#8221;]<\/p>\n<p style=\"line-height: 150%;\">Cartell de l&#8217;II Congr\u00e9s Internacional d&#8217;Escriptors en Defensa de la Cultura. Autor: Ram\u00f3n Gaya. <\/p>\n<p>[\/et_pb_text][\/et_pb_column][et_pb_column type=&#8221;1_2&#8243; _builder_version=&#8221;4.27.4&#8243; _module_preset=&#8221;default&#8221; global_colors_info=&#8221;{}&#8221;][et_pb_image src=&#8221;https:\/\/congresodeescritores1937.dival.es\/wp-content\/uploads\/2025\/01\/Congreso-Ludwing-Renn.jpg&#8221; title_text=&#8221;Congr\u00e9s Ludwing Renn&#8221; align=&#8221;center&#8221; force_fullwidth=&#8221;on&#8221; _builder_version=&#8221;4.27.4&#8243; _module_preset=&#8221;default&#8221; border_width_all=&#8221;3px&#8221; border_color_all=&#8221;#000000&#8243; global_colors_info=&#8221;{}&#8221;][\/et_pb_image][et_pb_text _builder_version=&#8221;4.27.4&#8243; _module_preset=&#8221;default&#8221; text_font=&#8221;|300|||||||&#8221; text_text_color=&#8221;#000000&#8243; text_orientation=&#8221;justified&#8221; global_colors_info=&#8221;{}&#8221;]<\/p>\n<p style=\"line-height: 150%;\"><em>Combateu amb la ploma, amb la paraula, amb les vostres possibilitats, per\u00f2 combateu! <\/em>Ludwing Renn<\/p>\n<p>&nbsp;<\/p>\n<p>&nbsp;<\/p>\n<p>[\/et_pb_text][\/et_pb_column][\/et_pb_row][et_pb_row _builder_version=&#8221;4.27.4&#8243; _module_preset=&#8221;default&#8221; global_colors_info=&#8221;{}&#8221;][et_pb_column type=&#8221;4_4&#8243; _builder_version=&#8221;4.27.4&#8243; _module_preset=&#8221;default&#8221; global_colors_info=&#8221;{}&#8221;][et_pb_text _builder_version=&#8221;4.27.4&#8243; _module_preset=&#8221;default&#8221; text_font=&#8221;|300|||||||&#8221; text_text_color=&#8221;#000000&#8243; text_orientation=&#8221;justified&#8221; global_colors_info=&#8221;{}&#8221;]<\/p>\n<h4 style=\"line-height: 150%;\">El Congr\u00e9s va ser l&#8217;acte de propaganda cultural m\u00e9s espectacular realitzat pel Ministeri d&#8217;Instrucci\u00f3 P\u00fablica i Belles Arts republic\u00e0 durant la guerra.<\/h4>\n<h4 style=\"line-height: 150%;\">La defensa de la cultura enfront del feixisme era llavors la senya d&#8217;identitat de la intel\u00b7lig\u00e8ncia antifeixista internacional. La consci\u00e8ncia que la Guerra d&#8217;Espanya aconseguia una dimensi\u00f3 internacional i que en ella s&#8217;estava jugant l&#8217;avenir del m\u00f3n va ser un tema recurrent en molts discursos. <\/h4>\n<h4 style=\"line-height: 150%;\">Al marge d&#8217;experi\u00e8ncies humanes i d&#8217;emocions personals, el comprom\u00eds pol\u00edtic col\u00b7lectiu d&#8217;aquells escriptors estrangers era fonamentalment moral i implicava utilitzar la ploma com a arma de guerra contra la criminal pol\u00edtica de no-intervenci\u00f3 practicada per la majoria dels seus governs.<\/h4>\n<p>[\/et_pb_text][\/et_pb_column][\/et_pb_row][\/et_pb_section][et_pb_section fb_built=&#8221;1&#8243; _builder_version=&#8221;4.27.4&#8243; _module_preset=&#8221;default&#8221; background_color=&#8221;#000000&#8243; global_colors_info=&#8221;{}&#8221;][et_pb_row _builder_version=&#8221;4.27.4&#8243; _module_preset=&#8221;default&#8221; global_colors_info=&#8221;{}&#8221;][et_pb_column type=&#8221;4_4&#8243; _builder_version=&#8221;4.27.4&#8243; _module_preset=&#8221;default&#8221; global_colors_info=&#8221;{}&#8221;][et_pb_heading title=&#8221;Inauguraci\u00f3&#8221; _builder_version=&#8221;4.27.4&#8243; _module_preset=&#8221;default&#8221; title_font=&#8221;Ubuntu Condensed|700|||||||&#8221; title_text_color=&#8221;#FFFFFF&#8221; global_colors_info=&#8221;{}&#8221;][\/et_pb_heading][et_pb_text _builder_version=&#8221;4.27.4&#8243; _module_preset=&#8221;default&#8221; text_font=&#8221;|300|||||||&#8221; text_text_color=&#8221;#FFFFFF&#8221; global_colors_info=&#8221;{}&#8221;]<\/p>\n<h3 style=\"line-height: 150%;\"><span style=\"color: #ffffff;\">Juan Negr\u00edn, president del govern republic\u00e0<\/span><\/h3>\n<h4 style=\"line-height: 150%;\"><span style=\"color: #ffffff;\">4 de juliol de 1937, Sal\u00f3 de Sessions de l&#8217;Ajuntament de Val\u00e8ncia<\/span><\/h4>\n<p>[\/et_pb_text][et_pb_video src=&#8221;https:\/\/congresodeescritores1937.dival.es\/wp-content\/uploads\/2025\/06\/bienvenida-Negrin-doblada.mp4&#8243; _builder_version=&#8221;4.27.4&#8243; _module_preset=&#8221;default&#8221; hover_enabled=&#8221;0&#8243; border_width_all=&#8221;3px&#8221; border_color_all=&#8221;#FFFFFF&#8221; global_colors_info=&#8221;{}&#8221; title_text=&#8221;bienvenida Negrin doblada&#8221; sticky_enabled=&#8221;0&#8243;][\/et_pb_video][et_pb_text _builder_version=&#8221;4.27.4&#8243; _module_preset=&#8221;default&#8221; text_font=&#8221;|300|||||||&#8221; text_text_color=&#8221;#FFFFFF&#8221; global_colors_info=&#8221;{}&#8221;]<\/p>\n<h4 style=\"line-height: 150%;\"><span style=\"color: #ffffff;\"><em>Senyores, senyors, camarades, els meus benvolguts amics: Us done la benvinguda en nom d&#8217;Espanya. En este moment dif\u00edcil perqu\u00e8 travessem, el m\u00e9s tr\u00e0gic de la nostra hist\u00f2ria, hem vingut a celebrar el Congr\u00e9s al nostre pa\u00eds\u2026 <\/em><\/span><\/h4>\n<h4 style=\"line-height: 150%;\"><span style=\"color: #ffffff;\"><em>El Pueblo, <\/em> Val\u00e8ncia (6 de juliol de 1937), p. 1.<\/span><\/h4>\n<p>[\/et_pb_text][et_pb_button button_url=&#8221;https:\/\/congresodeescritores1937.dival.es\/wp-content\/uploads\/2025\/01\/Discurso_Bienvenida_Juan_Negrin_Publicada-en-El-Pueblo-6_julio_1937.pdf&#8221; url_new_window=&#8221;on&#8221; button_text=&#8221;Discurs complet&#8221; button_alignment=&#8221;left&#8221; _builder_version=&#8221;4.27.4&#8243; _module_preset=&#8221;default&#8221; custom_button=&#8221;on&#8221; button_text_size=&#8221;15px&#8221; button_text_color=&#8221;#FFFFFF&#8221; button_border_width=&#8221;1px&#8221; button_border_color=&#8221;#FFFFFF&#8221; button_font=&#8221;||||||||&#8221; button_use_icon=&#8221;off&#8221; global_colors_info=&#8221;{}&#8221;][\/et_pb_button][\/et_pb_column][\/et_pb_row][\/et_pb_section][et_pb_section fb_built=&#8221;1&#8243; _builder_version=&#8221;4.27.4&#8243; _module_preset=&#8221;default&#8221; global_colors_info=&#8221;{}&#8221;][et_pb_row _builder_version=&#8221;4.27.4&#8243; _module_preset=&#8221;default&#8221; global_colors_info=&#8221;{}&#8221;][et_pb_column type=&#8221;4_4&#8243; _builder_version=&#8221;4.27.4&#8243; _module_preset=&#8221;default&#8221; global_colors_info=&#8221;{}&#8221;][et_pb_heading title=&#8221;Seus&#8221; _builder_version=&#8221;4.27.4&#8243; _module_preset=&#8221;default&#8221; title_font=&#8221;Ubuntu Condensed|700|||||||&#8221; title_text_color=&#8221;#000000&#8243; global_colors_info=&#8221;{}&#8221;][\/et_pb_heading][et_pb_text _builder_version=&#8221;4.27.4&#8243; _module_preset=&#8221;default&#8221; text_font=&#8221;|300|||||||&#8221; global_colors_info=&#8221;{}&#8221;]<\/p>\n<h3 style=\"line-height: 150%;\">Un congr\u00e9s viatger i complex.<\/h3>\n<h4 style=\"line-height: 150%;\">Va rec\u00f3rrer quatre ciutats: Val\u00e8ncia, Madrid, Barcelona i Par\u00eds, amb els problemes de log\u00edstica que suposava el trasllat de m\u00e9s de dos-cents delegats de 38 pa\u00efsos distints entre les seus on es van desenrotllar les sessions.<\/h4>\n<p>&nbsp;<\/p>\n<p>[\/et_pb_text][\/et_pb_column][\/et_pb_row][et_pb_row column_structure=&#8221;1_3,1_3,1_3&#8243; _builder_version=&#8221;4.27.4&#8243; _module_preset=&#8221;default&#8221; global_colors_info=&#8221;{}&#8221;][et_pb_column type=&#8221;1_3&#8243; _builder_version=&#8221;4.27.4&#8243; _module_preset=&#8221;default&#8221; global_colors_info=&#8221;{}&#8221;][et_pb_image src=&#8221;https:\/\/congresodeescritores1937.dival.es\/wp-content\/uploads\/2025\/01\/Sede-Madrid-Boton.jpg&#8221; title_text=&#8221;Seu-Madrid-Boton&#8221; url=&#8221;https:\/\/congresodeescritores1937.dival.es\/vlca\/seu-de-madrid\/&#8221; align=&#8221;center&#8221; _builder_version=&#8221;4.27.4&#8243; _module_preset=&#8221;default&#8221; border_width_all=&#8221;3px&#8221; border_color_all=&#8221;#000000&#8243; global_colors_info=&#8221;{}&#8221;][\/et_pb_image][\/et_pb_column][et_pb_column type=&#8221;1_3&#8243; _builder_version=&#8221;4.27.4&#8243; _module_preset=&#8221;default&#8221; global_colors_info=&#8221;{}&#8221;][et_pb_image src=&#8221;https:\/\/congresodeescritores1937.dival.es\/wp-content\/uploads\/2025\/01\/Sede-Valencia-V2.jpg&#8221; title_text=&#8221;Seu-Valencia-V2&#8243; url=&#8221;https:\/\/congresodeescritores1937.dival.es\/vlca\/seu-de-valencia\/&#8221; align=&#8221;center&#8221; _builder_version=&#8221;4.27.4&#8243; _module_preset=&#8221;default&#8221; border_width_all=&#8221;3px&#8221; border_color_all=&#8221;#000000&#8243; global_colors_info=&#8221;{}&#8221;][\/et_pb_image][\/et_pb_column][et_pb_column type=&#8221;1_3&#8243; _builder_version=&#8221;4.27.4&#8243; _module_preset=&#8221;default&#8221; global_colors_info=&#8221;{}&#8221;][et_pb_image src=&#8221;https:\/\/congresodeescritores1937.dival.es\/wp-content\/uploads\/2025\/01\/Sede-Barcelona-Foto.jpg&#8221; title_text=&#8221;Sede-Barcelona-Foto&#8221; url=&#8221;https:\/\/congresodeescritores1937.dival.es\/vlca\/seu-de-barcelona\/&#8221; _builder_version=&#8221;4.27.4&#8243; _module_preset=&#8221;default&#8221; border_width_all=&#8221;3px&#8221; border_color_all=&#8221;#000000&#8243; global_colors_info=&#8221;{}&#8221;][\/et_pb_image][\/et_pb_column][\/et_pb_row][\/et_pb_section][et_pb_section fb_built=&#8221;1&#8243; _builder_version=&#8221;4.27.4&#8243; _module_preset=&#8221;default&#8221; background_color=&#8221;#000000&#8243; global_colors_info=&#8221;{}&#8221;][et_pb_row column_structure=&#8221;2_3,1_3&#8243; _builder_version=&#8221;4.27.4&#8243; _module_preset=&#8221;default&#8221; global_colors_info=&#8221;{}&#8221;][et_pb_column type=&#8221;2_3&#8243; _builder_version=&#8221;4.27.4&#8243; _module_preset=&#8221;default&#8221; global_colors_info=&#8221;{}&#8221;][et_pb_heading title=&#8221;El Congr\u00e9s com a objecte d&#039;estudi&#8221; _builder_version=&#8221;4.27.4&#8243; _module_preset=&#8221;default&#8221; title_font=&#8221;Ubuntu Condensed|700|||||||&#8221; title_text_color=&#8221;#FFFFFF&#8221; global_colors_info=&#8221;{}&#8221;][\/et_pb_heading][et_pb_text _builder_version=&#8221;4.27.4&#8243; _module_preset=&#8221;default&#8221; text_font=&#8221;|300|||||||&#8221; text_text_color=&#8221;#FFFFFF&#8221; global_colors_info=&#8221;{}&#8221;]<\/p>\n<h3><span style=\"color: #ffffff;\"><em>Segon Congr\u00e9s Internacional d&#8217;Escriptors per a la Defensa de la Cultura (Val\u00e8ncia-Madrid-Barcelona-Par\u00eds, 1937)<\/em><\/span><\/h3>\n<p><span style=\"color: #ffffff;\">Autor: Manuel Aznar Soler<\/span><\/p>\n<h4 style=\"line-height: 150%;\"><span style=\"color: #ffffff;\"><\/span><\/h4>\n<h4 style=\"line-height: 150%;\"><span style=\"color: #ffffff;\">Obra de refer\u00e8ncia sobre este episodi de la pol\u00edtica cultural de la Rep\u00fablica durant la Guerra Civil. Una minuciosa recopilaci\u00f3 d&#8217;actes, discursos, mem\u00f2ries, testimoniatges, textos marginals i ap\u00e8ndixs del Congr\u00e9s. <\/span><\/h4>\n<h2><span style=\"color: #ffffff;\"><\/span><\/h2>\n<h3><span style=\"color: #ffffff;\">Manuel Aznar Soler<\/span><\/h3>\n<p><span style=\"color: #ffffff;\">Val\u00e8ncia, 1951 <\/span><\/p>\n<h4 style=\"line-height: 150%;\"><span style=\"color: #ffffff;\"><\/span><\/h4>\n<h4 style=\"line-height: 150%;\"><span style=\"color: #ffffff;\">Catedr\u00e0tic de literatura espanyola contempor\u00e0nia de la Universitat Aut\u00f2noma de Barcelona i director des de 1993 del Grup d&#8217;Estudis de l&#8217;Exili Literari (GEXEL).<\/span><\/h4>\n<p>[\/et_pb_text][et_pb_image src=&#8221;https:\/\/congresodeescritores1937.dival.es\/wp-content\/uploads\/2025\/06\/Logos-IAM-2025_DIPU-CULT-IAM_ok-ss.jpg&#8221; title_text=&#8221;Logos-IAM-2025_DIPU-CULT-IAM_ok-ss&#8221; align=&#8221;center&#8221; _builder_version=&#8221;4.27.4&#8243; _module_preset=&#8221;default&#8221; global_colors_info=&#8221;{}&#8221;][\/et_pb_image][\/et_pb_column][et_pb_column type=&#8221;1_3&#8243; _builder_version=&#8221;4.27.4&#8243; _module_preset=&#8221;default&#8221; global_colors_info=&#8221;{}&#8221;][et_pb_image src=&#8221;https:\/\/congresodeescritores1937.dival.es\/wp-content\/uploads\/2025\/02\/Portada-2CIEDC-Manuel-Aznar-descargar.jpg&#8221; title_text=&#8221;Portada-2CIEDC-Manuel-Aznar-descargar&#8221; url=&#8221;https:\/\/congresodeescritores1937.dival.es\/wp-content\/uploads\/2025\/02\/2CIEDC-manuel-aznar.pdf&#8221; url_new_window=&#8221;on&#8221; align=&#8221;center&#8221; force_fullwidth=&#8221;on&#8221; _builder_version=&#8221;4.27.4&#8243; _module_preset=&#8221;default&#8221; border_width_all=&#8221;3px&#8221; border_color_all=&#8221;#FFFFFF&#8221; global_colors_info=&#8221;{}&#8221;][\/et_pb_image][\/et_pb_column][\/et_pb_row][\/et_pb_section][et_pb_section fb_built=&#8221;1&#8243; _builder_version=&#8221;4.27.4&#8243; _module_preset=&#8221;default&#8221; global_colors_info=&#8221;{}&#8221;][et_pb_row _builder_version=&#8221;4.27.4&#8243; _module_preset=&#8221;default&#8221; global_colors_info=&#8221;{}&#8221;][et_pb_column type=&#8221;4_4&#8243; _builder_version=&#8221;4.27.4&#8243; _module_preset=&#8221;default&#8221; global_colors_info=&#8221;{}&#8221;][et_pb_heading title=&#8221;Els ressons del Congr\u00e9s&#8221; _builder_version=&#8221;4.27.4&#8243; _module_preset=&#8221;default&#8221; title_font=&#8221;Ubuntu Condensed|700|||||||&#8221; title_text_color=&#8221;#000000&#8243; global_colors_info=&#8221;{}&#8221;][\/et_pb_heading][et_pb_text _builder_version=&#8221;4.27.4&#8243; _module_preset=&#8221;default&#8221; global_colors_info=&#8221;{}&#8221;]<\/p>\n<h3><span style=\"color: #000000;\"> Congr\u00e9s Internacional d&#8217;Intel\u00b7lectuals i Artistes (Val\u00e8ncia, 1987)<\/span><\/h3>\n<p>[\/et_pb_text][et_pb_text _builder_version=&#8221;4.27.4&#8243; _module_preset=&#8221;default&#8221; global_colors_info=&#8221;{}&#8221;]<\/p>\n<h4 style=\"line-height: 150%;\"><span style=\"color: #000000;\">Celebrat mig segle despr\u00e9s, \u00e9s un ress\u00f2 directe del Congr\u00e9s d&#8217;Escriptors de 1937. A prop\u00f2sit d&#8217;este esdeveniment, la periodista Victoria *Prego va moderar en televisi\u00f3 un debat en el qual van participar Mario Vargas Llosa, Octavio Paz, Jorge *Sempr\u00fan, Fernando Savater, Juan *Goytisolo i Manuel V\u00e1zquez Montalb\u00e1n.  <\/span><span style=\"color: #000000;\">El tema del debat era El Comprom\u00eds de l&#8217;Intel\u00b7lectual amb la Societat.<\/span><\/h4>\n<p>[\/et_pb_text][\/et_pb_column][\/et_pb_row][et_pb_row _builder_version=&#8221;4.27.4&#8243; _module_preset=&#8221;default&#8221; global_colors_info=&#8221;{}&#8221;][et_pb_column type=&#8221;4_4&#8243; _builder_version=&#8221;4.27.4&#8243; _module_preset=&#8221;default&#8221; global_colors_info=&#8221;{}&#8221;][et_pb_image src=&#8221;https:\/\/congresodeescritores1937.dival.es\/wp-content\/uploads\/2025\/02\/Debate-intelectuales-tv-1987-vid.jpg&#8221; title_text=&#8221;Debate-intelectuales-tv-1987-vid&#8221; url=&#8221;https:\/\/www.rtve.es\/play\/videos\/debate\/compromiso-intelectuales\/4616389\/&#8221; url_new_window=&#8221;on&#8221; force_fullwidth=&#8221;on&#8221; _builder_version=&#8221;4.27.4&#8243; _module_preset=&#8221;default&#8221; border_width_all=&#8221;3px&#8221; border_color_all=&#8221;#000000&#8243; global_colors_info=&#8221;{}&#8221;][\/et_pb_image][\/et_pb_column][\/et_pb_row][\/et_pb_section]<\/p>\n","protected":false},"excerpt":{"rendered":"<p>L&#8217;II Congr\u00e9s Internacional d&#8217;Escriptors per a la Defensa de la Cultura va tindre lloc entre el 4 i el 17 de juliol de 1937 amb el suport de l&#8217;Alian\u00e7a d&#8217;Intel\u00b7lectuals Antifeixistes, va tindre com a antecedent l&#8217;I Congr\u00e9s Internacional d&#8217;Escriptors per a la Defensa de la Cultura celebrat a Par\u00eds del 21 al 25 de [&hellip;]<\/p>\n","protected":false},"author":1,"featured_media":0,"parent":0,"menu_order":0,"comment_status":"closed","ping_status":"closed","template":"","meta":{"_et_pb_use_builder":"on","_et_pb_old_content":"","_et_gb_content_width":"","footnotes":""},"class_list":["post-6197","page","type-page","status-publish","hentry"],"_links":{"self":[{"href":"https:\/\/congresodeescritores1937.dival.es\/vlca\/wp-json\/wp\/v2\/pages\/6197","targetHints":{"allow":["GET"]}}],"collection":[{"href":"https:\/\/congresodeescritores1937.dival.es\/vlca\/wp-json\/wp\/v2\/pages"}],"about":[{"href":"https:\/\/congresodeescritores1937.dival.es\/vlca\/wp-json\/wp\/v2\/types\/page"}],"author":[{"embeddable":true,"href":"https:\/\/congresodeescritores1937.dival.es\/vlca\/wp-json\/wp\/v2\/users\/1"}],"replies":[{"embeddable":true,"href":"https:\/\/congresodeescritores1937.dival.es\/vlca\/wp-json\/wp\/v2\/comments?post=6197"}],"version-history":[{"count":8,"href":"https:\/\/congresodeescritores1937.dival.es\/vlca\/wp-json\/wp\/v2\/pages\/6197\/revisions"}],"predecessor-version":[{"id":6283,"href":"https:\/\/congresodeescritores1937.dival.es\/vlca\/wp-json\/wp\/v2\/pages\/6197\/revisions\/6283"}],"wp:attachment":[{"href":"https:\/\/congresodeescritores1937.dival.es\/vlca\/wp-json\/wp\/v2\/media?parent=6197"}],"curies":[{"name":"wp","href":"https:\/\/api.w.org\/{rel}","templated":true}]}}