{"id":6200,"date":"2025-01-21T10:37:16","date_gmt":"2025-01-21T10:37:16","guid":{"rendered":"https:\/\/congresodeescritores1937.dival.es\/absents\/"},"modified":"2025-06-08T16:13:04","modified_gmt":"2025-06-08T16:13:04","slug":"absents","status":"publish","type":"page","link":"https:\/\/congresodeescritores1937.dival.es\/vlca\/absents\/","title":{"rendered":"Absents"},"content":{"rendered":"<p>[et_pb_section fb_built=&#8221;1&#8243; fullwidth=&#8221;on&#8221; _builder_version=&#8221;4.27.4&#8243; _module_preset=&#8221;default&#8221; background_image=&#8221;https:\/\/congresodeescritores1937.dival.es\/wp-content\/uploads\/2025\/02\/ausentes-cabecera-oscurecido-2-1.jpg&#8221; global_colors_info=&#8221;{}&#8221;][et_pb_fullwidth_header title=&#8221;ELS ABSENTS&#8221; subhead=&#8221;Intel\u00b7lectuals morts&#8221; header_fullscreen=&#8221;on&#8221; background_overlay_color=&#8221;RGBA(255,255,255,0)&#8221; content_orientation=&#8221;bottom&#8221; _builder_version=&#8221;4.27.4&#8243; _module_preset=&#8221;default&#8221; title_font=&#8221;Ubuntu Condensed|700|||||||&#8221; title_text_color=&#8221;#FFFFFF&#8221; title_font_size=&#8221;50px&#8221; subhead_font=&#8221;|300|||||||&#8221; subhead_text_color=&#8221;#FFFFFF&#8221; subhead_font_size=&#8221;20px&#8221; background_enable_color=&#8221;off&#8221; global_colors_info=&#8221;{}&#8221;][\/et_pb_fullwidth_header][\/et_pb_section][et_pb_section fb_built=&#8221;1&#8243; _builder_version=&#8221;4.27.4&#8243; _module_preset=&#8221;default&#8221; global_colors_info=&#8221;{}&#8221;][et_pb_row column_structure=&#8221;1_2,1_2&#8243; _builder_version=&#8221;4.27.4&#8243; _module_preset=&#8221;default&#8221; global_colors_info=&#8221;{}&#8221;][et_pb_column type=&#8221;1_2&#8243; _builder_version=&#8221;4.27.4&#8243; _module_preset=&#8221;default&#8221; global_colors_info=&#8221;{}&#8221;][et_pb_heading title=&#8221;Panell esquerre&#8221; _builder_version=&#8221;4.27.4&#8243; _module_preset=&#8221;default&#8221; title_font=&#8221;Ubuntu Condensed|700|||||||&#8221; global_colors_info=&#8221;{}&#8221;][\/et_pb_heading][et_pb_toggle title=&#8221;Ram\u00f3n Mar\u00eda del Valle Incl\u00e1n&#8221; open_toggle_background_color=&#8221;#FFFFFF&#8221; closed_toggle_background_color=&#8221;#FFFFFF&#8221; icon_color=&#8221;#000000&#8243; _builder_version=&#8221;4.27.4&#8243; _module_preset=&#8221;default&#8221; title_level=&#8221;h3&#8243; border_color_all=&#8221;#000000&#8243; global_colors_info=&#8221;{}&#8221;]<\/p>\n<h4 style=\"line-height: 150%;\">Ram\u00f3n Mar\u00eda de la Valle-Incl\u00e1n\u200b (Villanueva de Arosa, Pontevedra, 28 d&#8217;octubre de 1866 \u2013 Santiago de Compostel\u00b7la, La Corunya, 5 de gener de 1936) va ser un dramaturg, poeta i novel\u00b7lista espanyol, que va formar part del corrent literari del modernisme.<\/h4>\n<p>[\/et_pb_toggle][et_pb_toggle title=&#8221;M\u00e1ximo Gorki&#8221; open_toggle_background_color=&#8221;#FFFFFF&#8221; closed_toggle_background_color=&#8221;#FFFFFF&#8221; icon_color=&#8221;#000000&#8243; _builder_version=&#8221;4.27.4&#8243; _module_preset=&#8221;default&#8221; title_level=&#8221;h3&#8243; border_color_all=&#8221;#000000&#8243; global_colors_info=&#8221;{}&#8221;]<\/p>\n<h4 style=\"line-height: 150%;\">M\u00e0ximo Gorki, o Maksim Gorki, pseud\u00f2nim utilitzat per Aleks\u00e9i Maks\u00edmovich Peshkov (Nizhni N\u00f3vgorod, 28 de mar\u00e7 de 1868-Moscou, 18 de juny de 1936) \u200bva ser un escriptor i pol\u00edtic rus, identificat activista del moviment revolucionari. <\/h4>\n<p>[\/et_pb_toggle][et_pb_toggle title=&#8221;Henri Barbusse&#8221; open_toggle_background_color=&#8221;#FFFFFF&#8221; closed_toggle_background_color=&#8221;#FFFFFF&#8221; icon_color=&#8221;#000000&#8243; _builder_version=&#8221;4.27.4&#8243; _module_preset=&#8221;default&#8221; title_level=&#8221;h3&#8243; border_color_all=&#8221;#000000&#8243; global_colors_info=&#8221;{}&#8221;]<\/p>\n<h4 style=\"line-height: 150%;\">Henri Barbusse (Asni\u00e8res-sud-Seine, 17 de maig de 1873 \u2013 Moscou, 30 d&#8217;agost de 1935) \u200b va ser un escriptor, periodista i militant comunista franc\u00e9s.<\/h4>\n<p>[\/et_pb_toggle][et_pb_toggle title=&#8221;Mat\u00e9 Zalka &#8221; open_toggle_background_color=&#8221;#FFFFFF&#8221; closed_toggle_background_color=&#8221;#FFFFFF&#8221; icon_color=&#8221;#000000&#8243; _builder_version=&#8221;4.27.4&#8243; _module_preset=&#8221;default&#8221; title_level=&#8221;h3&#8243; border_color_all=&#8221;#000000&#8243; global_colors_info=&#8221;{}&#8221;]<\/p>\n<h4 style=\"line-height: 150%;\">M\u00e1t\u00e9 Zalka (Tunyogmatolcs, Hongria, 23 d&#8217;abril de 1896 \u2013 Osca, 11 de juny de 1937) va ser un escriptor i revolucionari internacionalista hongar\u00e9s. Conegut com Paul Luk\u00e1cs i General Luk\u00e1cs. Va morir en el front d&#8217;Osca per l&#8217;impacte d&#8217;un ob\u00fas en el seu cotxe.  <\/h4>\n<p>[\/et_pb_toggle][et_pb_toggle title=&#8221;Francisco P\u00e9rez Mateos&#8221; open_toggle_background_color=&#8221;#FFFFFF&#8221; closed_toggle_background_color=&#8221;#FFFFFF&#8221; icon_color=&#8221;#000000&#8243; _builder_version=&#8221;4.27.4&#8243; _module_preset=&#8221;default&#8221; title_level=&#8221;h3&#8243; hover_enabled=&#8221;0&#8243; border_color_all=&#8221;#000000&#8243; global_colors_info=&#8221;{}&#8221; sticky_enabled=&#8221;0&#8243;]<\/p>\n<h4 style=\"line-height: 150%;\">Francisco P\u00e9rez Mateos (Barcelona, 17 de maig de 1903 \u2013 Madrid, 6 de novembre de 1936) va ser un escultor espanyol. De vida professional curta, va ser un dels primers a dedicar-se als estils del Nou Realisme sent coetani de la generaci\u00f3 del 27. Va morir durant la defensa de Madrid.  <\/h4>\n<p>[\/et_pb_toggle][et_pb_toggle title=&#8221;Emiliano Barral&#8221; open_toggle_background_color=&#8221;#FFFFFF&#8221; closed_toggle_background_color=&#8221;#FFFFFF&#8221; icon_color=&#8221;#000000&#8243; _builder_version=&#8221;4.27.4&#8243; _module_preset=&#8221;default&#8221; title_level=&#8221;h3&#8243; border_color_all=&#8221;#000000&#8243; global_colors_info=&#8221;{}&#8221;]<\/p>\n<h4 style=\"line-height: 150%;\">Emiliano Barral (Sep\u00falveda, 8 d&#8217;agost de 1896 \u2013 Madrid, 21 de novembre de 1936) va ser un escultor espanyol de l&#8217;inici del segle xx. \u200b Autodidacta i criat en un ambient anarquista i solidari, va ser respectat per escriptors com Antonio Machado. Va caure en el front de Madrid.  <\/h4>\n<p>[\/et_pb_toggle][et_pb_toggle title=&#8221;Ralph Winston Fox&#8221; open_toggle_background_color=&#8221;#FFFFFF&#8221; closed_toggle_background_color=&#8221;#FFFFFF&#8221; icon_color=&#8221;#000000&#8243; _builder_version=&#8221;4.27.4&#8243; _module_preset=&#8221;default&#8221; title_level=&#8221;h3&#8243; border_color_all=&#8221;#000000&#8243; global_colors_info=&#8221;{}&#8221;]<\/p>\n<h4 style=\"line-height: 150%;\">Ralph Winston Fox (Halifax, 30 de mar\u00e7 de 1900 \u2013 Lopera, Espanya, 28 de desembre de 1936) va ser un novel\u00b7lista, historiador social, periodista, traductor i pol\u00edtic brit\u00e0nic. Va morir en la batalla de Lopera. <\/h4>\n<p>[\/et_pb_toggle][et_pb_toggle title=&#8221;Pablo de la Torriente Brau&#8221; open_toggle_background_color=&#8221;#FFFFFF&#8221; closed_toggle_background_color=&#8221;#FFFFFF&#8221; icon_color=&#8221;#000000&#8243; _builder_version=&#8221;4.27.4&#8243; _module_preset=&#8221;default&#8221; title_level=&#8221;h3&#8243; border_color_all=&#8221;#000000&#8243; global_colors_info=&#8221;{}&#8221;]<\/p>\n<h4 style=\"line-height: 150%;\">Pablo de la Torriente Brau (Sant Joan de Puerto Rico, 12 de desembre de 1901 \u2013 Majadahonda, prov\u00edncia de Madrid, 19 de desembre de 1936) va ser un escriptor i periodista cub\u00e0. Comissari pol\u00edtic en la divisi\u00f3 de \u00abEl Llaurador\u00bb va caure en acci\u00f3 en el front de Madrid. <\/h4>\n<p>[\/et_pb_toggle][\/et_pb_column][et_pb_column type=&#8221;1_2&#8243; _builder_version=&#8221;4.27.4&#8243; _module_preset=&#8221;default&#8221; global_colors_info=&#8221;{}&#8221;][et_pb_heading title=&#8221;Panell dret&#8221; _builder_version=&#8221;4.27.4&#8243; _module_preset=&#8221;default&#8221; title_font=&#8221;Ubuntu Condensed|700|||||||&#8221; global_colors_info=&#8221;{}&#8221;][\/et_pb_heading][et_pb_toggle title=&#8221;Federico Garc\u00eda Lorca&#8221; open_toggle_background_color=&#8221;#FFFFFF&#8221; closed_toggle_background_color=&#8221;#FFFFFF&#8221; icon_color=&#8221;#000000&#8243; _builder_version=&#8221;4.27.4&#8243; _module_preset=&#8221;default&#8221; title_level=&#8221;h3&#8243; border_color_all=&#8221;#000000&#8243; global_colors_info=&#8221;{}&#8221;]<\/p>\n<h4 style=\"line-height: 150%;\">Federico Garc\u00eda Lorca (Fuente Vaqueros, Granada, 5 de juny de 1898 \u2013 cam\u00ed de V\u00edznar a Alfacar, Granada, 18 d&#8217;agost de 1936) va ser un poeta, dramaturg i prosista espanyol. Va ser assassinat pel b\u00e0ndol revoltat un mes despr\u00e9s del colp d&#8217;estat. <\/h4>\n<p>[\/et_pb_toggle][et_pb_toggle title=&#8221;Leopoldo Garc\u00eda-Alas&#8221; open_toggle_background_color=&#8221;#FFFFFF&#8221; closed_toggle_background_color=&#8221;#FFFFFF&#8221; icon_color=&#8221;#000000&#8243; _builder_version=&#8221;4.27.4&#8243; _module_preset=&#8221;default&#8221; title_level=&#8221;h3&#8243; border_color_all=&#8221;#000000&#8243; global_colors_info=&#8221;{}&#8221;]<\/p>\n<h4 style=\"line-height: 150%;\">Leopoldo Garc\u00eda-Alas Garc\u00eda-Arg\u00fcelles (Oviedo, 12 de novembre de 1883 &#8211; Oviedo, 20 de febrer de 1937) va ser un jurista, professor universitari i pol\u00edtic espanyol. Va arribar a ser rector de la Universitat d&#8217;Oviedo. Va ser afusellat pel b\u00e0ndol revoltat durant la guerra civil.   <\/h4>\n<p>[\/et_pb_toggle][et_pb_toggle title=&#8221;Antonio Jos\u00e9 Mart\u00ednez Palacios&#8221; open_toggle_background_color=&#8221;#FFFFFF&#8221; closed_toggle_background_color=&#8221;#FFFFFF&#8221; icon_color=&#8221;#000000&#8243; _builder_version=&#8221;4.27.4&#8243; _module_preset=&#8221;default&#8221; title_level=&#8221;h3&#8243; border_color_all=&#8221;#000000&#8243; global_colors_info=&#8221;{}&#8221;]<\/p>\n<h4 style=\"line-height: 150%;\">Antonio Jos\u00e9 Mart\u00ednez Palacios (Burgos, 12 de desembre de 1902 &#8211; Est\u00e9par, 9 d&#8217;octubre de 1936), conegut com a Antonio Jos\u00e9, va ser un compositor, m\u00fasic i folklorista espanyol de la Generaci\u00f3 del 27, afusellat pels colpistes i enterrat en les fosses de la Muntanya de Est\u00e9par.<\/h4>\n<p>[\/et_pb_toggle][et_pb_toggle title=&#8221;F\u00e9lix Barcena&#8221; open_toggle_background_color=&#8221;#FFFFFF&#8221; closed_toggle_background_color=&#8221;#FFFFFF&#8221; icon_color=&#8221;#000000&#8243; _builder_version=&#8221;4.27.4&#8243; _module_preset=&#8221;default&#8221; title_level=&#8221;h3&#8243; border_color_all=&#8221;#000000&#8243; global_colors_info=&#8221;{}&#8221;]<\/p>\n<h4 style=\"line-height: 150%;\">Sense dades biogr\u00e0fiques disponibles.<\/h4>\n<p>[\/et_pb_toggle][et_pb_toggle title=&#8221;Le\u00f3n Le Boucher&#8221; open_toggle_background_color=&#8221;#FFFFFF&#8221; closed_toggle_background_color=&#8221;#FFFFFF&#8221; icon_color=&#8221;#000000&#8243; _builder_version=&#8221;4.27.4&#8243; _module_preset=&#8221;default&#8221; title_level=&#8221;h3&#8243; border_color_all=&#8221;#000000&#8243; global_colors_info=&#8221;{}&#8221;]<\/p>\n<h4 style=\"line-height: 150%;\">Le\u00f3n Le Boucher (Ancona, It\u00e0lia, 30 d&#8217;abril de 1904 \u2013 Pozoblanco, 4 d&#8217;abril de 1937), va ser un professor de la Universitat de Val\u00e8ncia, autor en 1932, de la primera publicaci\u00f3 internacional de la secci\u00f3 de Qu\u00edmiques de la Facultat de Ci\u00e8ncies. Membre del PSOE, ostentava el grau de capit\u00e0 de l&#8217;Ex\u00e8rcit Popular quan va morir en combat en el sector de Pozoblanco (C\u00f2rdova).<\/h4>\n<p>[\/et_pb_toggle][et_pb_toggle title=&#8221;Juan Piqueras Mart\u00ednez&#8221; open_toggle_background_color=&#8221;#FFFFFF&#8221; closed_toggle_background_color=&#8221;#FFFFFF&#8221; icon_color=&#8221;#000000&#8243; _builder_version=&#8221;4.27.4&#8243; _module_preset=&#8221;default&#8221; title_level=&#8221;h3&#8243; border_color_all=&#8221;#000000&#8243; global_colors_info=&#8221;{}&#8221;]<\/p>\n<h4 style=\"line-height: 150%;\">Juan Piqueras Mart\u00ednez (Camp Arc\u00eds, Requena, 1904 &#8211; Venda de Ba\u00f1os, juliol de 1936) va ser un destacat cr\u00edtic i periodista cinematogr\u00e0fic, que va participar en la fundaci\u00f3 del primer cineclub espanyol a Madrid. Militant comunista, va ser afusellat prop de Venda de Ba\u00f1os cap a finals de juliol de 1936, en una data i lloc l&#8217;exactitud del qual es desconeix.<\/h4>\n<p>[\/et_pb_toggle][et_pb_toggle title=&#8221;Jos\u00e9 Mar\u00eda Mor\u00f3n&#8221; open_toggle_background_color=&#8221;#FFFFFF&#8221; closed_toggle_background_color=&#8221;#FFFFFF&#8221; icon_color=&#8221;#000000&#8243; _builder_version=&#8221;4.27.4&#8243; _module_preset=&#8221;default&#8221; title_level=&#8221;h3&#8243; border_color_all=&#8221;#000000&#8243; global_colors_info=&#8221;{}&#8221;]<\/p>\n<h4 style=\"line-height: 150%;\">Jos\u00e9 Mar\u00eda Mor\u00f3n (Huelva, 1897-1966). Poeta espanyol, guanyador del primer acc\u00e8ssit en el Premi Nacional de Literatura. En 1936 se li va donar per mort i algunes de les m\u00e9s notables figures de l&#8217;Espanya republicana, Antonio Machado entre elles, van lamentar el seu assassinat. Per\u00f2 es va salvar en l&#8217;\u00faltim moment i va aconseguir viure llargs anys durant el franquisme, camuflat de fosc funcionari.<\/h4>\n<p>[\/et_pb_toggle][et_pb_toggle title=&#8221;Juan Marco Mart\u00edn&#8221; open_toggle_background_color=&#8221;#FFFFFF&#8221; closed_toggle_background_color=&#8221;#FFFFFF&#8221; icon_color=&#8221;#000000&#8243; _builder_version=&#8221;4.27.4&#8243; _module_preset=&#8221;default&#8221; title_level=&#8221;h3&#8243; border_color_all=&#8221;#000000&#8243; global_colors_info=&#8221;{}&#8221;]<\/p>\n<h4 style=\"line-height: 150%;\">Juan Marco Mart\u00edn (Castell\u00f3 de la Plana 1919 \u2013 Villel, octubre de 1936) Estudiant membre de la FUE que va morir en el front de Terol a principis de la guerra. Va donar nom a l&#8217;Institut de Castell\u00f3, a un carrer a Val\u00e8ncia, a unes col\u00f2nies escolars i a un batall\u00f3 de combat.<\/p>\n<\/h4>\n<p>[\/et_pb_toggle][\/et_pb_column][\/et_pb_row][\/et_pb_section]<\/p>\n","protected":false},"excerpt":{"rendered":"<p>Ram\u00f3n Mar\u00eda de la Valle-Incl\u00e1n\u200b (Villanueva de Arosa, Pontevedra, 28 d&#8217;octubre de 1866 \u2013 Santiago de Compostel\u00b7la, La Corunya, 5 de gener de 1936) va ser un dramaturg, poeta i novel\u00b7lista espanyol, que va formar part del corrent literari del modernisme.M\u00e0ximo Gorki, o Maksim Gorki, pseud\u00f2nim utilitzat per Aleks\u00e9i Maks\u00edmovich Peshkov (Nizhni N\u00f3vgorod, 28 de [&hellip;]<\/p>\n","protected":false},"author":1,"featured_media":0,"parent":0,"menu_order":0,"comment_status":"closed","ping_status":"closed","template":"","meta":{"_et_pb_use_builder":"on","_et_pb_old_content":"","_et_gb_content_width":"","footnotes":""},"class_list":["post-6200","page","type-page","status-publish","hentry"],"_links":{"self":[{"href":"https:\/\/congresodeescritores1937.dival.es\/vlca\/wp-json\/wp\/v2\/pages\/6200","targetHints":{"allow":["GET"]}}],"collection":[{"href":"https:\/\/congresodeescritores1937.dival.es\/vlca\/wp-json\/wp\/v2\/pages"}],"about":[{"href":"https:\/\/congresodeescritores1937.dival.es\/vlca\/wp-json\/wp\/v2\/types\/page"}],"author":[{"embeddable":true,"href":"https:\/\/congresodeescritores1937.dival.es\/vlca\/wp-json\/wp\/v2\/users\/1"}],"replies":[{"embeddable":true,"href":"https:\/\/congresodeescritores1937.dival.es\/vlca\/wp-json\/wp\/v2\/comments?post=6200"}],"version-history":[{"count":5,"href":"https:\/\/congresodeescritores1937.dival.es\/vlca\/wp-json\/wp\/v2\/pages\/6200\/revisions"}],"predecessor-version":[{"id":6205,"href":"https:\/\/congresodeescritores1937.dival.es\/vlca\/wp-json\/wp\/v2\/pages\/6200\/revisions\/6205"}],"wp:attachment":[{"href":"https:\/\/congresodeescritores1937.dival.es\/vlca\/wp-json\/wp\/v2\/media?parent=6200"}],"curies":[{"name":"wp","href":"https:\/\/api.w.org\/{rel}","templated":true}]}}