{"id":6021,"date":"2025-01-28T14:42:03","date_gmt":"2025-01-28T14:42:03","guid":{"rendered":"https:\/\/congresodeescritores1937.dival.es\/project\/antonio-machado\/"},"modified":"2025-06-07T23:09:57","modified_gmt":"2025-06-07T23:09:57","slug":"antonio-machado","status":"publish","type":"project","link":"https:\/\/congresodeescritores1937.dival.es\/vlca\/project\/antonio-machado\/","title":{"rendered":"Antonio Machado"},"content":{"rendered":"<p>[et_pb_section fb_built=&#8221;1&#8243; _builder_version=&#8221;4.27.4&#8243; _module_preset=&#8221;default&#8221; background_color=&#8221;#000000&#8243; global_colors_info=&#8221;{}&#8221;][et_pb_row column_structure=&#8221;2_5,3_5&#8243; _builder_version=&#8221;4.27.4&#8243; _module_preset=&#8221;default&#8221; global_colors_info=&#8221;{}&#8221;][et_pb_column type=&#8221;2_5&#8243; _builder_version=&#8221;4.27.4&#8243; _module_preset=&#8221;default&#8221; global_colors_info=&#8221;{}&#8221;][et_pb_image src=&#8221;https:\/\/congresodeescritores1937.dival.es\/wp-content\/uploads\/2025\/02\/antonio-machado-ficha.jpg&#8221; title_text=&#8221;antonio-machado-fitxa&#8221; align=&#8221;center&#8221; _builder_version=&#8221;4.27.4&#8243; _module_preset=&#8221;default&#8221; border_radii=&#8221;on|100%|100%|100%|100%&#8221; border_width_all=&#8221;3px&#8221; border_color_all=&#8221;#FFFFFF&#8221; global_colors_info=&#8221;{}&#8221;][\/et_pb_image][\/et_pb_column][et_pb_column type=&#8221;3_5&#8243; _builder_version=&#8221;4.27.4&#8243; _module_preset=&#8221;default&#8221; global_colors_info=&#8221;{}&#8221;][et_pb_divider color=&#8221;#000000&#8243; _builder_version=&#8221;4.27.4&#8243; _module_preset=&#8221;default&#8221; global_colors_info=&#8221;{}&#8221;][\/et_pb_divider][et_pb_divider color=&#8221;#000000&#8243; _builder_version=&#8221;4.27.4&#8243; _module_preset=&#8221;default&#8221; global_colors_info=&#8221;{}&#8221;][\/et_pb_divider][et_pb_heading title=&#8221;Antonio Machado&#8221; _builder_version=&#8221;4.27.4&#8243; _module_preset=&#8221;default&#8221; title_font=&#8221;Ubuntu Condensed|700|||||||&#8221; title_text_align=&#8221;left&#8221; title_text_color=&#8221;#FFFFFF&#8221; title_font_size=&#8221;50px&#8221; global_colors_info=&#8221;{}&#8221;][\/et_pb_heading][et_pb_text _builder_version=&#8221;4.27.4&#8243; _module_preset=&#8221;default&#8221; text_font=&#8221;|300|||||||&#8221; text_text_color=&#8221;#FFFFFF&#8221; global_colors_info=&#8221;{}&#8221;]<\/p>\n<h5 style=\"line-height: 150%; text-align: justify;\"><span style=\"font-weight: 400; color: #ffffff;\">26 de juliol de 1875, Sevilla &#8211; 22 de febrer de 1939, Colliure<\/span><\/h5>\n<p>[\/et_pb_text][\/et_pb_column][\/et_pb_row][\/et_pb_section][et_pb_section fb_built=&#8221;1&#8243; _builder_version=&#8221;4.27.4&#8243; _module_preset=&#8221;default&#8221; global_colors_info=&#8221;{}&#8221;][et_pb_row column_structure=&#8221;1_5,3_5,1_5&#8243; _builder_version=&#8221;4.27.4&#8243; _module_preset=&#8221;default&#8221; global_colors_info=&#8221;{}&#8221;][et_pb_column type=&#8221;1_5&#8243; _builder_version=&#8221;4.27.4&#8243; _module_preset=&#8221;default&#8221; global_colors_info=&#8221;{}&#8221;][\/et_pb_column][et_pb_column type=&#8221;3_5&#8243; _builder_version=&#8221;4.27.4&#8243; _module_preset=&#8221;default&#8221; global_colors_info=&#8221;{}&#8221;][et_pb_text _builder_version=&#8221;4.27.4&#8243; _module_preset=&#8221;default&#8221; global_colors_info=&#8221;{}&#8221;]<\/p>\n<h4 style=\"line-height: 150%; text-align: justify;\"><span style=\"color: #000000;\">Antonio Machado Ruiz va ser un poeta espanyol, el representant m\u00e9s jove de la Generaci\u00f3 del 98. En el moment en qu\u00e8 es va iniciar la Guerra Civil, era un referent cultural. El govern de la Rep\u00fablica el va evacuar de Madrid amb la seua fam\u00edlia i el va allotjar a Villa Amparo, a Rocafort (Horta Nord).  <\/span><\/h4>\n<h4 style=\"line-height: 150%; text-align: justify;\"><span style=\"color: #000000;\">Des de Val\u00e8ncia, va assistir al Congr\u00e9s de la Unificaci\u00f3 de les JSU el gener de 1937 i va continuar amb el suport incondicional a la causa republicana. Va anar al II CIEDC i hi va participar en les sessions que se celebraren al Cap i Casal en les quals va intervindre davant el plenari amb el seu discurs <em>El poeta y el pueblo. <\/em>  <\/span><\/h4>\n<h4 style=\"line-height: 150%; text-align: justify;\"><span style=\"color: #000000;\">El 1937 va publicar<em> Madrid. Baluarte de nuestra Guerra de la Independencia  <\/em><em>i La Guerra,<\/em> juntament amb el seu germ\u00e0 Jos\u00e9, que inclou el seu poema dedicat a Lorca, <em>El crimen fue en Granada. <\/em> <\/span><\/h4>\n<h4 style=\"line-height: 150%; text-align: justify;\"><span style=\"color: #000000;\">El mar\u00e7 de 1938 es trasllada a Barcelona, on s\u2019allotja a l\u2019Hotel Majestic i, posteriorment, a la Torre de Castanyer. Durant este temps, escriu en el diari barcelon\u00ed <g id=\"gid_0\">La Vanguardia<\/g>, en qu\u00e8 publicar\u00e0 26 articles period\u00edstics amb el t\u00edtol gen\u00e8ric <g id=\"gid_1\">Desde el mirador de la Guerra<\/g>. Amb la caiguda de Barcelona, Machado va iniciar un pen\u00f3s viatge que el va portar a la localitat de Cotlliure, on va morir el 22 de febrer de 1939.   <\/span><\/h4>\n<p>[\/et_pb_text][\/et_pb_column][et_pb_column type=&#8221;1_5&#8243; _builder_version=&#8221;4.27.4&#8243; _module_preset=&#8221;default&#8221; global_colors_info=&#8221;{}&#8221;][\/et_pb_column][\/et_pb_row][\/et_pb_section][et_pb_section fb_built=&#8221;1&#8243; _builder_version=&#8221;4.27.4&#8243; _module_preset=&#8221;default&#8221; background_color=&#8221;#000000&#8243; global_colors_info=&#8221;{}&#8221;][et_pb_row _builder_version=&#8221;4.27.4&#8243; _module_preset=&#8221;default&#8221; global_colors_info=&#8221;{}&#8221;][et_pb_column type=&#8221;4_4&#8243; _builder_version=&#8221;4.27.4&#8243; _module_preset=&#8221;default&#8221; global_colors_info=&#8221;{}&#8221;][et_pb_gallery gallery_ids=&#8221;5811,5596&#8243; fullwidth=&#8221;on&#8221; _builder_version=&#8221;4.27.4&#8243; _module_preset=&#8221;default&#8221; global_colors_info=&#8221;{}&#8221;][\/et_pb_gallery][\/et_pb_column][\/et_pb_row][\/et_pb_section][et_pb_section fb_built=&#8221;1&#8243; _builder_version=&#8221;4.27.4&#8243; _module_preset=&#8221;default&#8221; custom_padding=&#8221;10px||10px||false|false&#8221; border_width_bottom=&#8221;1px&#8221; border_color_bottom=&#8221;#000000&#8243; global_colors_info=&#8221;{}&#8221;][et_pb_row _builder_version=&#8221;4.27.4&#8243; _module_preset=&#8221;default&#8221; global_colors_info=&#8221;{}&#8221;][et_pb_column type=&#8221;4_4&#8243; _builder_version=&#8221;4.27.4&#8243; _module_preset=&#8221;default&#8221; global_colors_info=&#8221;{}&#8221;][et_pb_heading title=&#8221;Desc\u00e0rregues&#8221; _builder_version=&#8221;4.27.4&#8243; _module_preset=&#8221;default&#8221; title_font=&#8221;Ubuntu Condensed|700|||||||&#8221; title_text_color=&#8221;#000000&#8243; title_font_size=&#8221;50px&#8221; border_color_bottom=&#8221;#000000&#8243; global_colors_info=&#8221;{}&#8221;][\/et_pb_heading][\/et_pb_column][\/et_pb_row][\/et_pb_section][et_pb_section fb_built=&#8221;1&#8243; _builder_version=&#8221;4.27.4&#8243; _module_preset=&#8221;default&#8221; global_colors_info=&#8221;{}&#8221;][et_pb_row _builder_version=&#8221;4.27.4&#8243; _module_preset=&#8221;default&#8221; global_colors_info=&#8221;{}&#8221;][et_pb_column type=&#8221;4_4&#8243; _builder_version=&#8221;4.27.4&#8243; _module_preset=&#8221;default&#8221; global_colors_info=&#8221;{}&#8221;][et_pb_heading title=&#8221;Llibres&#8221; _builder_version=&#8221;4.27.4&#8243; _module_preset=&#8221;default&#8221; title_font=&#8221;Ubuntu Condensed|700|||||||&#8221; title_text_color=&#8221;#000000&#8243; border_color_bottom=&#8221;#000000&#8243; global_colors_info=&#8221;{}&#8221;][\/et_pb_heading][et_pb_button button_url=&#8221;https:\/\/congresodeescritores1937.dival.es\/wp-content\/uploads\/2025\/02\/Portada-La-Guerra-1937.pdf&#8221; url_new_window=&#8221;on&#8221; button_text=&#8221;Portada La Guerra 1937&#8243; button_alignment=&#8221;left&#8221; _builder_version=&#8221;4.27.4&#8243; _module_preset=&#8221;default&#8221; custom_button=&#8221;on&#8221; button_text_size=&#8221;18px&#8221; button_text_color=&#8221;#000000&#8243; button_bg_color=&#8221;RGBA(255,255,255,0)&#8221; button_border_width=&#8221;1px&#8221; button_border_color=&#8221;RGBA(255,255,255,0)&#8221; button_border_radius=&#8221;3px&#8221; button_icon=&#8221;&#xf1c1;||fa||400&#8243; button_icon_color=&#8221;#e04f47&#8243; button_icon_placement=&#8221;left&#8221; button_on_hover=&#8221;off&#8221; global_colors_info=&#8221;{}&#8221;][\/et_pb_button][et_pb_button button_url=&#8221;https:\/\/congresodeescritores1937.dival.es\/wp-content\/uploads\/2025\/02\/Portada-Madrid-1937.pdf&#8221; url_new_window=&#8221;on&#8221; button_text=&#8221;Portada Madrid 1937&#8243; button_alignment=&#8221;left&#8221; _builder_version=&#8221;4.27.4&#8243; _module_preset=&#8221;default&#8221; custom_button=&#8221;on&#8221; button_text_size=&#8221;18px&#8221; button_text_color=&#8221;#000000&#8243; button_bg_color=&#8221;RGBA(255,255,255,0)&#8221; button_border_width=&#8221;1px&#8221; button_border_color=&#8221;RGBA(255,255,255,0)&#8221; button_border_radius=&#8221;3px&#8221; button_icon=&#8221;&#xf1c1;||fa||400&#8243; button_icon_color=&#8221;#e04f47&#8243; button_icon_placement=&#8221;left&#8221; button_on_hover=&#8221;off&#8221; global_colors_info=&#8221;{}&#8221;][\/et_pb_button][et_pb_heading title=&#8221;Articles&#8221; _builder_version=&#8221;4.27.4&#8243; _module_preset=&#8221;default&#8221; title_font=&#8221;Ubuntu Condensed|700|||||||&#8221; title_text_color=&#8221;#000000&#8243; border_color_bottom=&#8221;#000000&#8243; global_colors_info=&#8221;{}&#8221;][\/et_pb_heading][et_pb_button button_url=&#8221;https:\/\/congresodeescritores1937.dival.es\/wp-content\/uploads\/2025\/02\/PRENSA_Antonio-Machado-en-Ahora_1_5_1937.pdf&#8221; url_new_window=&#8221;on&#8221; button_text=&#8221;Antonio Machado en Ahora_1_5_1937&#8243; button_alignment=&#8221;left&#8221; _builder_version=&#8221;4.27.4&#8243; _module_preset=&#8221;default&#8221; custom_button=&#8221;on&#8221; button_text_size=&#8221;18px&#8221; button_text_color=&#8221;#000000&#8243; button_bg_color=&#8221;RGBA(255,255,255,0)&#8221; button_border_width=&#8221;1px&#8221; button_border_color=&#8221;RGBA(255,255,255,0)&#8221; button_border_radius=&#8221;3px&#8221; button_icon=&#8221;&#xf1c1;||fa||400&#8243; button_icon_color=&#8221;#e04f47&#8243; button_icon_placement=&#8221;left&#8221; button_on_hover=&#8221;off&#8221; global_colors_info=&#8221;{}&#8221;][\/et_pb_button][et_pb_button button_url=&#8221;https:\/\/congresodeescritores1937.dival.es\/wp-content\/uploads\/2025\/02\/PRENSA_Antonio-Machado-en-Hora-de-Espana-Valencia-4-1938.pdf&#8221; url_new_window=&#8221;on&#8221; button_text=&#8221;Antonio Machado en Hora-de-Espana-Valencia-4-1938&#8243; button_alignment=&#8221;left&#8221; _builder_version=&#8221;4.27.4&#8243; _module_preset=&#8221;default&#8221; custom_button=&#8221;on&#8221; button_text_size=&#8221;18px&#8221; button_text_color=&#8221;#000000&#8243; button_bg_color=&#8221;RGBA(255,255,255,0)&#8221; button_border_width=&#8221;1px&#8221; button_border_color=&#8221;RGBA(255,255,255,0)&#8221; button_border_radius=&#8221;3px&#8221; button_icon=&#8221;&#xf1c1;||fa||400&#8243; button_icon_color=&#8221;#e04f47&#8243; button_icon_placement=&#8221;left&#8221; button_on_hover=&#8221;off&#8221; global_colors_info=&#8221;{}&#8221;][\/et_pb_button][et_pb_button button_url=&#8221;https:\/\/congresodeescritores1937.dival.es\/wp-content\/uploads\/2025\/02\/PRENSA_Muerte-de-Machado_La-Libertad-Madrid-1919-26-2-1939.pdf&#8221; url_new_window=&#8221;on&#8221; button_text=&#8221;Muerte de Machado_La-Libertad-Madrid-1919-26-2-1939&#8243; button_alignment=&#8221;left&#8221; _builder_version=&#8221;4.27.4&#8243; _module_preset=&#8221;default&#8221; custom_button=&#8221;on&#8221; button_text_size=&#8221;18px&#8221; button_text_color=&#8221;#000000&#8243; button_bg_color=&#8221;RGBA(255,255,255,0)&#8221; button_border_width=&#8221;1px&#8221; button_border_color=&#8221;RGBA(255,255,255,0)&#8221; button_border_radius=&#8221;3px&#8221; button_icon=&#8221;&#xf1c1;||fa||400&#8243; button_icon_color=&#8221;#e04f47&#8243; button_icon_placement=&#8221;left&#8221; button_on_hover=&#8221;off&#8221; global_colors_info=&#8221;{}&#8221;][\/et_pb_button][et_pb_button button_url=&#8221;https:\/\/congresodeescritores1937.dival.es\/wp-content\/uploads\/2025\/02\/PRENSA_Muerte-de-Machado_Voz-de-Madrid.pdf&#8221; url_new_window=&#8221;on&#8221; button_text=&#8221;Muerte de Machado_Voz de Madrid&#8221; button_alignment=&#8221;left&#8221; _builder_version=&#8221;4.27.4&#8243; _module_preset=&#8221;default&#8221; custom_button=&#8221;on&#8221; button_text_size=&#8221;18px&#8221; button_text_color=&#8221;#000000&#8243; button_bg_color=&#8221;RGBA(255,255,255,0)&#8221; button_border_width=&#8221;1px&#8221; button_border_color=&#8221;RGBA(255,255,255,0)&#8221; button_border_radius=&#8221;3px&#8221; button_icon=&#8221;&#xf1c1;||fa||400&#8243; button_icon_color=&#8221;#e04f47&#8243; button_icon_placement=&#8221;left&#8221; button_on_hover=&#8221;off&#8221; global_colors_info=&#8221;{}&#8221;][\/et_pb_button][\/et_pb_column][\/et_pb_row][\/et_pb_section]<\/p>\n","protected":false},"excerpt":{"rendered":"<p>26 de juliol de 1875, Sevilla &#8211; 22 de febrer de 1939, ColliureAntonio Machado Ruiz va ser un poeta espanyol, el representant m\u00e9s jove de la Generaci\u00f3 del 98. En el moment en qu\u00e8 es va iniciar la Guerra Civil, era un referent cultural. El govern de la Rep\u00fablica el va evacuar de Madrid amb [&hellip;]<\/p>\n","protected":false},"author":1,"featured_media":5812,"comment_status":"open","ping_status":"closed","template":"","meta":{"_et_pb_use_builder":"on","_et_pb_old_content":"","_et_gb_content_width":"","footnotes":""},"project_category":[49],"project_tag":[],"class_list":["post-6021","project","type-project","status-publish","has-post-thumbnail","hentry","project_category-espanya"],"_links":{"self":[{"href":"https:\/\/congresodeescritores1937.dival.es\/vlca\/wp-json\/wp\/v2\/project\/6021","targetHints":{"allow":["GET"]}}],"collection":[{"href":"https:\/\/congresodeescritores1937.dival.es\/vlca\/wp-json\/wp\/v2\/project"}],"about":[{"href":"https:\/\/congresodeescritores1937.dival.es\/vlca\/wp-json\/wp\/v2\/types\/project"}],"author":[{"embeddable":true,"href":"https:\/\/congresodeescritores1937.dival.es\/vlca\/wp-json\/wp\/v2\/users\/1"}],"replies":[{"embeddable":true,"href":"https:\/\/congresodeescritores1937.dival.es\/vlca\/wp-json\/wp\/v2\/comments?post=6021"}],"version-history":[{"count":3,"href":"https:\/\/congresodeescritores1937.dival.es\/vlca\/wp-json\/wp\/v2\/project\/6021\/revisions"}],"predecessor-version":[{"id":6024,"href":"https:\/\/congresodeescritores1937.dival.es\/vlca\/wp-json\/wp\/v2\/project\/6021\/revisions\/6024"}],"wp:featuredmedia":[{"embeddable":true,"href":"https:\/\/congresodeescritores1937.dival.es\/vlca\/wp-json\/wp\/v2\/media\/5812"}],"wp:attachment":[{"href":"https:\/\/congresodeescritores1937.dival.es\/vlca\/wp-json\/wp\/v2\/media?parent=6021"}],"wp:term":[{"taxonomy":"project_category","embeddable":true,"href":"https:\/\/congresodeescritores1937.dival.es\/vlca\/wp-json\/wp\/v2\/project_category?post=6021"},{"taxonomy":"project_tag","embeddable":true,"href":"https:\/\/congresodeescritores1937.dival.es\/vlca\/wp-json\/wp\/v2\/project_tag?post=6021"}],"curies":[{"name":"wp","href":"https:\/\/api.w.org\/{rel}","templated":true}]}}