{"id":6077,"date":"2025-01-28T09:37:21","date_gmt":"2025-01-28T09:37:21","guid":{"rendered":"https:\/\/congresodeescritores1937.dival.es\/project\/gerda-taro\/"},"modified":"2025-06-08T08:30:09","modified_gmt":"2025-06-08T08:30:09","slug":"gerda-taro","status":"publish","type":"project","link":"https:\/\/congresodeescritores1937.dival.es\/vlca\/project\/gerda-taro\/","title":{"rendered":"Gerda Taro"},"content":{"rendered":"<p>[et_pb_section fb_built=&#8221;1&#8243; _builder_version=&#8221;4.27.4&#8243; _module_preset=&#8221;default&#8221; background_color=&#8221;#000000&#8243; global_colors_info=&#8221;{}&#8221;][et_pb_row column_structure=&#8221;2_5,3_5&#8243; _builder_version=&#8221;4.27.4&#8243; _module_preset=&#8221;default&#8221; global_colors_info=&#8221;{}&#8221;][et_pb_column type=&#8221;2_5&#8243; _builder_version=&#8221;4.27.4&#8243; _module_preset=&#8221;default&#8221; global_colors_info=&#8221;{}&#8221;][et_pb_image src=&#8221;https:\/\/congresodeescritores1937.dival.es\/wp-content\/uploads\/2025\/02\/gerda-taro-ficha.jpg&#8221; title_text=&#8221;gerda-taro-fitxa&#8221; align=&#8221;center&#8221; _builder_version=&#8221;4.27.4&#8243; _module_preset=&#8221;default&#8221; hover_enabled=&#8221;0&#8243; border_radii=&#8221;on|100%|100%|100%|100%&#8221; border_width_all=&#8221;3px&#8221; border_color_all=&#8221;#FFFFFF&#8221; global_colors_info=&#8221;{}&#8221; sticky_enabled=&#8221;0&#8243;][\/et_pb_image][\/et_pb_column][et_pb_column type=&#8221;3_5&#8243; _builder_version=&#8221;4.27.4&#8243; _module_preset=&#8221;default&#8221; global_colors_info=&#8221;{}&#8221;][et_pb_divider color=&#8221;#000000&#8243; _builder_version=&#8221;4.27.4&#8243; _module_preset=&#8221;default&#8221; global_colors_info=&#8221;{}&#8221;][\/et_pb_divider][et_pb_divider color=&#8221;#000000&#8243; _builder_version=&#8221;4.27.4&#8243; _module_preset=&#8221;default&#8221; global_colors_info=&#8221;{}&#8221;][\/et_pb_divider][et_pb_heading title=&#8221;Gerda Taro&#8221; _builder_version=&#8221;4.27.4&#8243; _module_preset=&#8221;default&#8221; title_font=&#8221;Ubuntu Condensed|700|||||||&#8221; title_text_align=&#8221;left&#8221; title_text_color=&#8221;#FFFFFF&#8221; title_font_size=&#8221;50px&#8221; global_colors_info=&#8221;{}&#8221;][\/et_pb_heading][et_pb_text _builder_version=&#8221;4.27.4&#8243; _module_preset=&#8221;default&#8221; text_font=&#8221;|300|||||||&#8221; text_text_color=&#8221;#FFFFFF&#8221; global_colors_info=&#8221;{}&#8221;]<\/p>\n<h5 style=\"line-height: 150%; text-align: justify;\"><span style=\"font-weight: 400; color: #ffffff;\">1 d\u2019agost de 1910, Stuttgart (Alemanya) &#8211; 26 de juliol de 1937, El Escorial (Madrid)<\/span><\/h5>\n<p>[\/et_pb_text][\/et_pb_column][\/et_pb_row][\/et_pb_section][et_pb_section fb_built=&#8221;1&#8243; _builder_version=&#8221;4.27.4&#8243; _module_preset=&#8221;default&#8221; global_colors_info=&#8221;{}&#8221;][et_pb_row column_structure=&#8221;1_5,3_5,1_5&#8243; _builder_version=&#8221;4.27.4&#8243; _module_preset=&#8221;default&#8221; global_colors_info=&#8221;{}&#8221;][et_pb_column type=&#8221;1_5&#8243; _builder_version=&#8221;4.27.4&#8243; _module_preset=&#8221;default&#8221; global_colors_info=&#8221;{}&#8221;][\/et_pb_column][et_pb_column type=&#8221;3_5&#8243; _builder_version=&#8221;4.27.4&#8243; _module_preset=&#8221;default&#8221; global_colors_info=&#8221;{}&#8221;][et_pb_text _builder_version=&#8221;4.27.4&#8243; _module_preset=&#8221;default&#8221; global_colors_info=&#8221;{}&#8221;]<\/p>\n<h4 style=\"line-height: 150%; text-align: justify;\"><span style=\"color: #000000;\">Gerda Taro, de nom de naixement Gerta Pohorylle, va ser una pionera fotoperiodista alemanya d\u2019origen jueu. Va fugir d\u2019Alemanya despr\u00e9s de l\u2019arribada al poder de Hitler i es va establir a Par\u00eds, on va con\u00e9ixer Endre Friedmann, amb qui va tindre una relaci\u00f3 professional i personal. Junts van adoptar el pseud\u00f2nim de Robert Capa per a vendre les seues fotografies.  <\/span><\/h4>\n<h4 style=\"line-height: 150%; text-align: justify;\"><span style=\"color: #000000;\">Durant la Guerra Civil Espanyola, Taro i Capa van cobrir el conflicte per a revistes com <em>Vu<\/em> i <em>Regards<\/em>, en qu\u00e8 van documentar la lluita dels republicans. Va estar a Val\u00e8ncia durant el mes de juliol de 1937 fotografiant el II CIEDC. Taro va ser la primera dona fotoperiodista a morir en el front de guerra, el 26 de juliol de 1937, en ser xafada per un tanc en la batalla de Brunete.  <\/span><\/h4>\n<h4 style=\"line-height: 150%; text-align: justify;\"><span style=\"color: #000000;\">A pesar de la seua breu carrera, les imatges de Taro s\u00f3n reconegudes per la simplicitat gr\u00e0fica i el poder emocional, que oferixen un testimoni memorable de la guerra. El seu llegat va ser redescobert anys despr\u00e9s i, el 2007, el Centre Internacional de Fotografia de Nova York va presentar una retrospectiva de la seua obra. <\/span><\/h4>\n<p>[\/et_pb_text][\/et_pb_column][et_pb_column type=&#8221;1_5&#8243; _builder_version=&#8221;4.27.4&#8243; _module_preset=&#8221;default&#8221; global_colors_info=&#8221;{}&#8221;][\/et_pb_column][\/et_pb_row][\/et_pb_section][et_pb_section fb_built=&#8221;1&#8243; _builder_version=&#8221;4.27.4&#8243; _module_preset=&#8221;default&#8221; background_color=&#8221;#000000&#8243; global_colors_info=&#8221;{}&#8221;][et_pb_row _builder_version=&#8221;4.27.4&#8243; _module_preset=&#8221;default&#8221; global_colors_info=&#8221;{}&#8221;][et_pb_column type=&#8221;4_4&#8243; _builder_version=&#8221;4.27.4&#8243; _module_preset=&#8221;default&#8221; global_colors_info=&#8221;{}&#8221;][et_pb_gallery gallery_ids=&#8221;5626,5817&#8243; fullwidth=&#8221;on&#8221; _builder_version=&#8221;4.27.4&#8243; _module_preset=&#8221;default&#8221; global_colors_info=&#8221;{}&#8221;][\/et_pb_gallery][\/et_pb_column][\/et_pb_row][\/et_pb_section][et_pb_section fb_built=&#8221;1&#8243; _builder_version=&#8221;4.27.4&#8243; _module_preset=&#8221;default&#8221; custom_padding=&#8221;10px||10px||false|false&#8221; border_width_bottom=&#8221;1px&#8221; border_color_bottom=&#8221;#000000&#8243; global_colors_info=&#8221;{}&#8221;][et_pb_row _builder_version=&#8221;4.27.4&#8243; _module_preset=&#8221;default&#8221; global_colors_info=&#8221;{}&#8221;][et_pb_column type=&#8221;4_4&#8243; _builder_version=&#8221;4.27.4&#8243; _module_preset=&#8221;default&#8221; global_colors_info=&#8221;{}&#8221;][et_pb_heading title=&#8221;Desc\u00e0rregues&#8221; _builder_version=&#8221;4.27.4&#8243; _module_preset=&#8221;default&#8221; title_font=&#8221;Ubuntu Condensed|700|||||||&#8221; title_text_color=&#8221;#000000&#8243; title_font_size=&#8221;50px&#8221; border_color_bottom=&#8221;#000000&#8243; global_colors_info=&#8221;{}&#8221;][\/et_pb_heading][\/et_pb_column][\/et_pb_row][\/et_pb_section][et_pb_section fb_built=&#8221;1&#8243; _builder_version=&#8221;4.27.4&#8243; _module_preset=&#8221;default&#8221; global_colors_info=&#8221;{}&#8221;][et_pb_row _builder_version=&#8221;4.27.4&#8243; _module_preset=&#8221;default&#8221; global_colors_info=&#8221;{}&#8221;][et_pb_column type=&#8221;4_4&#8243; _builder_version=&#8221;4.27.4&#8243; _module_preset=&#8221;default&#8221; global_colors_info=&#8221;{}&#8221;][et_pb_heading title=&#8221;Llibres&#8221; _builder_version=&#8221;4.27.4&#8243; _module_preset=&#8221;default&#8221; title_font=&#8221;Ubuntu Condensed|700|||||||&#8221; title_text_color=&#8221;#000000&#8243; border_color_bottom=&#8221;#000000&#8243; global_colors_info=&#8221;{}&#8221;][\/et_pb_heading][et_pb_button button_url=&#8221;https:\/\/congresodeescritores1937.dival.es\/wp-content\/uploads\/2025\/02\/Portada-libro-sobre-Gerda-Taro-1.pdf&#8221; url_new_window=&#8221;on&#8221; button_text=&#8221;Portada libro sobre Gerda Taro 1&#8243; button_alignment=&#8221;left&#8221; _builder_version=&#8221;4.27.4&#8243; _module_preset=&#8221;default&#8221; custom_button=&#8221;on&#8221; button_text_size=&#8221;18px&#8221; button_text_color=&#8221;#000000&#8243; button_bg_color=&#8221;RGBA(255,255,255,0)&#8221; button_border_width=&#8221;1px&#8221; button_border_color=&#8221;RGBA(255,255,255,0)&#8221; button_border_radius=&#8221;3px&#8221; button_icon=&#8221;&#xf1c1;||fa||400&#8243; button_icon_color=&#8221;#e04f47&#8243; button_icon_placement=&#8221;left&#8221; button_on_hover=&#8221;off&#8221; global_colors_info=&#8221;{}&#8221;][\/et_pb_button][et_pb_button button_url=&#8221;https:\/\/congresodeescritores1937.dival.es\/wp-content\/uploads\/2025\/02\/Portada-libro-sobre-Gerda-Taro-2.pdf&#8221; url_new_window=&#8221;on&#8221; button_text=&#8221;Portada libro sobre Gerda Taro 2&#8243; button_alignment=&#8221;left&#8221; _builder_version=&#8221;4.27.4&#8243; _module_preset=&#8221;default&#8221; custom_button=&#8221;on&#8221; button_text_size=&#8221;18px&#8221; button_text_color=&#8221;#000000&#8243; button_bg_color=&#8221;RGBA(255,255,255,0)&#8221; button_border_width=&#8221;1px&#8221; button_border_color=&#8221;RGBA(255,255,255,0)&#8221; button_border_radius=&#8221;3px&#8221; button_icon=&#8221;&#xf1c1;||fa||400&#8243; button_icon_color=&#8221;#e04f47&#8243; button_icon_placement=&#8221;left&#8221; button_on_hover=&#8221;off&#8221; global_colors_info=&#8221;{}&#8221;][\/et_pb_button][et_pb_heading title=&#8221;Articles&#8221; _builder_version=&#8221;4.27.4&#8243; _module_preset=&#8221;default&#8221; title_font=&#8221;Ubuntu Condensed|700|||||||&#8221; title_text_color=&#8221;#000000&#8243; border_color_bottom=&#8221;#000000&#8243; global_colors_info=&#8221;{}&#8221;][\/et_pb_heading][et_pb_button button_url=&#8221;https:\/\/congresodeescritores1937.dival.es\/wp-content\/uploads\/2025\/02\/Gerda-Taro-Congreso_en-Regards_22_juio_1937.pdf&#8221; url_new_window=&#8221;on&#8221; button_text=&#8221;Gerda Taro Congreso_en Regards_22_juio_1937&#8243; button_alignment=&#8221;left&#8221; _builder_version=&#8221;4.27.4&#8243; _module_preset=&#8221;default&#8221; custom_button=&#8221;on&#8221; button_text_size=&#8221;18px&#8221; button_text_color=&#8221;#000000&#8243; button_bg_color=&#8221;RGBA(255,255,255,0)&#8221; button_border_width=&#8221;1px&#8221; button_border_color=&#8221;RGBA(255,255,255,0)&#8221; button_border_radius=&#8221;3px&#8221; button_icon=&#8221;&#xf1c1;||fa||400&#8243; button_icon_color=&#8221;#e04f47&#8243; button_icon_placement=&#8221;left&#8221; button_on_hover=&#8221;off&#8221; global_colors_info=&#8221;{}&#8221;][\/et_pb_button][et_pb_button button_url=&#8221;https:\/\/congresodeescritores1937.dival.es\/wp-content\/uploads\/2025\/02\/Gerda-Taro-en-Regards_22_juio_1937.pdf&#8221; url_new_window=&#8221;on&#8221; button_text=&#8221;Gerda Taro en Regards_22_juio_1937&#8243; button_alignment=&#8221;left&#8221; _builder_version=&#8221;4.27.4&#8243; _module_preset=&#8221;default&#8221; custom_button=&#8221;on&#8221; button_text_size=&#8221;18px&#8221; button_text_color=&#8221;#000000&#8243; button_bg_color=&#8221;RGBA(255,255,255,0)&#8221; button_border_width=&#8221;1px&#8221; button_border_color=&#8221;RGBA(255,255,255,0)&#8221; button_border_radius=&#8221;3px&#8221; button_icon=&#8221;&#xf1c1;||fa||400&#8243; button_icon_color=&#8221;#e04f47&#8243; button_icon_placement=&#8221;left&#8221; button_on_hover=&#8221;off&#8221; global_colors_info=&#8221;{}&#8221;][\/et_pb_button][et_pb_button button_url=&#8221;https:\/\/congresodeescritores1937.dival.es\/wp-content\/uploads\/2025\/02\/Adios-Gerda-Taro-El-Mono-Azul_12_8-1937.pdf&#8221; url_new_window=&#8221;on&#8221; button_text=&#8221;Adios Gerda Taro El Mono Azul_12_8-1937&#8243; button_alignment=&#8221;left&#8221; _builder_version=&#8221;4.27.4&#8243; _module_preset=&#8221;default&#8221; custom_button=&#8221;on&#8221; button_text_size=&#8221;18px&#8221; button_text_color=&#8221;#000000&#8243; button_bg_color=&#8221;RGBA(255,255,255,0)&#8221; button_border_width=&#8221;1px&#8221; button_border_color=&#8221;RGBA(255,255,255,0)&#8221; button_border_radius=&#8221;3px&#8221; button_icon=&#8221;&#xf1c1;||fa||400&#8243; button_icon_color=&#8221;#e04f47&#8243; button_icon_placement=&#8221;left&#8221; button_on_hover=&#8221;off&#8221; global_colors_info=&#8221;{}&#8221;][\/et_pb_button][et_pb_button button_url=&#8221;https:\/\/congresodeescritores1937.dival.es\/wp-content\/uploads\/2025\/02\/A-Gerda-Taro-El-Mono-Azul_12_8-1937.pdf&#8221; url_new_window=&#8221;on&#8221; button_text=&#8221;A Gerda Taro El Mono Azul_12_8-1937&#8243; button_alignment=&#8221;left&#8221; _builder_version=&#8221;4.27.4&#8243; _module_preset=&#8221;default&#8221; custom_button=&#8221;on&#8221; button_text_size=&#8221;18px&#8221; button_text_color=&#8221;#000000&#8243; button_bg_color=&#8221;RGBA(255,255,255,0)&#8221; button_border_width=&#8221;1px&#8221; button_border_color=&#8221;RGBA(255,255,255,0)&#8221; button_border_radius=&#8221;3px&#8221; button_icon=&#8221;&#xf1c1;||fa||400&#8243; button_icon_color=&#8221;#e04f47&#8243; button_icon_placement=&#8221;left&#8221; button_on_hover=&#8221;off&#8221; global_colors_info=&#8221;{}&#8221;][\/et_pb_button][et_pb_heading title=&#8221;Altres&#8221; _builder_version=&#8221;4.27.4&#8243; _module_preset=&#8221;default&#8221; title_font=&#8221;Ubuntu Condensed|700|||||||&#8221; title_text_color=&#8221;#000000&#8243; border_color_bottom=&#8221;#000000&#8243; global_colors_info=&#8221;{}&#8221;][\/et_pb_heading][et_pb_button button_url=&#8221;https:\/\/congresodeescritores1937.dival.es\/wp-content\/uploads\/2025\/02\/Salvoconducto-Friedman-Taro.pdf&#8221; url_new_window=&#8221;on&#8221; button_text=&#8221;Salvoconducto Friedman Taro&#8221; button_alignment=&#8221;left&#8221; _builder_version=&#8221;4.27.4&#8243; _module_preset=&#8221;default&#8221; custom_button=&#8221;on&#8221; button_text_size=&#8221;18px&#8221; button_text_color=&#8221;#000000&#8243; button_bg_color=&#8221;RGBA(255,255,255,0)&#8221; button_border_width=&#8221;1px&#8221; button_border_color=&#8221;RGBA(255,255,255,0)&#8221; button_border_radius=&#8221;3px&#8221; button_icon=&#8221;&#xf1c1;||fa||400&#8243; button_icon_color=&#8221;#e04f47&#8243; button_icon_placement=&#8221;left&#8221; button_on_hover=&#8221;off&#8221; global_colors_info=&#8221;{}&#8221;][\/et_pb_button][\/et_pb_column][\/et_pb_row][\/et_pb_section]<\/p>\n","protected":false},"excerpt":{"rendered":"<p>1 d\u2019agost de 1910, Stuttgart (Alemanya) &#8211; 26 de juliol de 1937, El Escorial (Madrid)Gerda Taro, de nom de naixement Gerta Pohorylle, va ser una pionera fotoperiodista alemanya d\u2019origen jueu. Va fugir d\u2019Alemanya despr\u00e9s de l\u2019arribada al poder de Hitler i es va establir a Par\u00eds, on va con\u00e9ixer Endre Friedmann, amb qui va tindre [&hellip;]<\/p>\n","protected":false},"author":1,"featured_media":5403,"comment_status":"open","ping_status":"closed","template":"","meta":{"_et_pb_use_builder":"on","_et_pb_old_content":"","_et_gb_content_width":"","footnotes":""},"project_category":[51],"project_tag":[],"class_list":["post-6077","project","type-project","status-publish","has-post-thumbnail","hentry","project_category-alemanya"],"_links":{"self":[{"href":"https:\/\/congresodeescritores1937.dival.es\/vlca\/wp-json\/wp\/v2\/project\/6077","targetHints":{"allow":["GET"]}}],"collection":[{"href":"https:\/\/congresodeescritores1937.dival.es\/vlca\/wp-json\/wp\/v2\/project"}],"about":[{"href":"https:\/\/congresodeescritores1937.dival.es\/vlca\/wp-json\/wp\/v2\/types\/project"}],"author":[{"embeddable":true,"href":"https:\/\/congresodeescritores1937.dival.es\/vlca\/wp-json\/wp\/v2\/users\/1"}],"replies":[{"embeddable":true,"href":"https:\/\/congresodeescritores1937.dival.es\/vlca\/wp-json\/wp\/v2\/comments?post=6077"}],"version-history":[{"count":3,"href":"https:\/\/congresodeescritores1937.dival.es\/vlca\/wp-json\/wp\/v2\/project\/6077\/revisions"}],"predecessor-version":[{"id":6080,"href":"https:\/\/congresodeescritores1937.dival.es\/vlca\/wp-json\/wp\/v2\/project\/6077\/revisions\/6080"}],"wp:featuredmedia":[{"embeddable":true,"href":"https:\/\/congresodeescritores1937.dival.es\/vlca\/wp-json\/wp\/v2\/media\/5403"}],"wp:attachment":[{"href":"https:\/\/congresodeescritores1937.dival.es\/vlca\/wp-json\/wp\/v2\/media?parent=6077"}],"wp:term":[{"taxonomy":"project_category","embeddable":true,"href":"https:\/\/congresodeescritores1937.dival.es\/vlca\/wp-json\/wp\/v2\/project_category?post=6077"},{"taxonomy":"project_tag","embeddable":true,"href":"https:\/\/congresodeescritores1937.dival.es\/vlca\/wp-json\/wp\/v2\/project_tag?post=6077"}],"curies":[{"name":"wp","href":"https:\/\/api.w.org\/{rel}","templated":true}]}}